{"id":69110,"date":"2026-01-14T13:38:19","date_gmt":"2026-01-14T12:38:19","guid":{"rendered":"https:\/\/jardimdapini.pt\/?page_id=69110"},"modified":"2026-01-14T13:38:19","modified_gmt":"2026-01-14T12:38:19","slug":"sobre-nos","status":"publish","type":"page","link":"https:\/\/jardimdapini.pt\/es\/sobre-nos\/","title":{"rendered":"Sobre n\u00f3s"},"content":{"rendered":"<div class=\"wpb-content-wrapper\" id=\"wpb-content-root\"><p>[vc_row full_width=&#8221;stretch_row_content_no_spaces&#8221; _et_uniqid=&#8221;et_custom_uniqid_new_691f975c52bfa&#8221;][vc_column]\t<section class=\"banner-hero-section\">\n\t\t\t\t\t<div class=\"banner-hero-background\" style=\"background-image: linear-gradient(0deg, rgba(50, 24, 16, 0.40) 0%, rgba(50, 24, 16, 0.40) 100%), url('https:\/\/jardimdapini.pt\/wp-content\/uploads\/2023\/09\/Cover-Succulents-2.jpg');\"><\/div>\n\t\t\t\t\n\t\t<div class=\"banner-hero-container\">\n\t\t\t<div class=\"banner-hero-content\">\n\t\t\t\t<div class=\"banner-hero-text\">\n\t\t\t\t\t<h1 class=\"banner-hero-title\">En Jardim da Pini puedes encontrar cactus y suculentas de todo el mundo.<\/h1>\n\t\t\t\t\t\t\t\t\t\t\t<p class=\"banner-hero-description\">Descubre cientos de especies exclusivas cultivadas en Viana do Castelo desde 2014.<\/p>\n\t\t\t\t\t\t\t\t\t<\/div>\n\t\t\t\t\n\t\t\t\t<div class=\"banner-hero-actions\">\n\t\t\t\t\t\t\t\t\t\t\t<a href=\"\/tienda\" class=\"banner-hero-button banner-hero-button-primary\">\n\t\t\t\t\t\t\tTienda\t\t\t\t\t\t<\/a>\n\t\t\t\t\t\t\t\t\t\t\n\t\t\t\t\t\t\t\t\t<\/div>\n\t\t\t<\/div>\n\t\t<\/div>\n\t<\/section>\n\t\t\n\t<section class=\"text-section text-section-vertical\">\n\t\t<div class=\"text-section-container\">\n\t\t\t\t\t\t\t<!-- Vertical Layout: Centered Stack -->\n\t\t\t\t<div class=\"text-section-content-vertical\">\n\t\t\t\t\t\t\t\t\t\t\t<div class=\"text-section-tagline-wrapper\">\n\t\t\t\t\t\t\t<span class=\"text-section-tagline\">Historia<\/span>\n\t\t\t\t\t\t<\/div>\n\t\t\t\t\t\t\t\t\t\t\n\t\t\t\t\t<div class=\"text-section-text-content\">\n\t\t\t\t\t\t\t\t\t\t\t\t\t<h1 class=\"text-section-title\">Cultivamos pasi\u00f3n por las plantas desde el principio<\/h1>\n\t\t\t\t\t\t\t\t\t\t\t\t\n\t\t\t\t\t\t\t\t\t\t\t\t\t<p class=\"text-section-description\">Der Jardim da Pini wurde mit dem Ziel gegr\u00fcndet, eine exklusive Auswahl an Sukkulenten und anderen Pflanzenarten anzubieten. Seit 2014 Produzenten und in der Region Viana do Castelo ans\u00e4ssig, haben wir uns entschlossen, ein neues Projekt mit dem Online-Verkauf unserer Produkte zu starten. Im Laufe der Jahre ist unsere Sammlung gewachsen, und wir haben jetzt \u00fcber 500 verschiedene Arten, darunter Sedum, Sempervivum, Echeverias, Haworthias, Crassulas, Kalanchoes, verschiedene Kakteensorten und viele andere.<\/p>\n\t\t\t\t\t\t\t\t\t\t\t<\/div>\n\t\t\t\t<\/div>\n\t\t\t\t\t<\/div>\n\t<\/section>\n\t\n\t\t\n\t<section class=\"single-image-section\">\n\t\t<div class=\"single-image-container\">\n\t\t\t<div class=\"single-image-wrapper\">\n\t\t\t\t<img decoding=\"async\" src=\"https:\/\/jardimdapini.pt\/wp-content\/uploads\/2026\/01\/about-01.webp\" alt=\"\" class=\"single-image\" loading=\"lazy\">\n\t\t\t<\/div>\n\t\t\t\t\t<\/div>\n\t<\/section>\n\t\n\t[\/vc_column][\/vc_row][vc_section full_width=&#8221;stretch_row_content&#8221; css=&#8221;.vc_custom_1765379020024{background-color: #FAEFE9 !important;}&#8221; _et_uniqid=&#8221;et_custom_uniqid_new_69398bb118028&#8243;][vc_row][vc_column]\t\n\t<section class=\"text-section text-section-horizontal\">\n\t\t<div class=\"text-section-container\">\n\t\t\t\t\t\t\t<!-- Horizontal Layout: Two Columns -->\n\t\t\t\t<div class=\"text-section-content-horizontal\">\n\t\t\t\t\t<div class=\"text-section-left\">\n\t\t\t\t\t\t\t\t\t\t\t\t\t<div class=\"text-section-tagline-wrapper\">\n\t\t\t\t\t\t\t\t<span class=\"text-section-tagline\">Producci\u00f3n<\/span>\n\t\t\t\t\t\t\t<\/div>\n\t\t\t\t\t\t\t\t\t\t\t\t\n\t\t\t\t\t\t\t\t\t\t\t\t\t<h2 class=\"text-section-title h1\">Hemos cultivado amor por las plantas desde siempre.<\/h2>\n\t\t\t\t\t\t\t\t\t\t\t<\/div>\n\t\t\t\t\t\n\t\t\t\t\t<div class=\"text-section-right\">\n\t\t\t\t\t\t\t\t\t\t\t\t\t<p class=\"text-section-description\">Nuestra producci\u00f3n est\u00e1 destinada tanto a profesionales como a particulares. Tambi\u00e9n realizamos trabajos de aplicaci\u00f3n en superficies verdes y ofrecemos varios tipos de regalos para fiestas, bodas y otras ocasiones especiales. Todas nuestras plantas son seleccionadas cuidadosamente antes de ser enviadas a nuestros clientes. Disponemos de packs\/surtidos econ\u00f3micos sin necesidad de crear una cuenta de revendedor. Adem\u00e1s, ofrecemos env\u00edo gratuito para compras superiores a 75 \u20ac en Portugal continental y siempre estamos disponibles para ayudar en lo que necesites.<\/p>\n\t\t\t\t\t\t\t\t\t\t\t<\/div>\n\t\t\t\t<\/div>\n\t\t\t\t\t<\/div>\n\t<\/section>\n\t\n\t\t\n\t<section class=\"galeria-section\">\n\t\t<div class=\"galeria-container\">\n\t\t\t<div class=\"galeria-wrapper\">\n\t\t\t\t<!-- Row 1 (Top - scrolls left) -->\n\t\t\t\t\t\t\t\t\t<div class=\"galeria-row galeria-row-1\">\n\t\t\t\t\t\t\t\t\t\t\t\t\t\t\t<a href=\"https:\/\/jardimdapini.pt\/wp-content\/uploads\/2021\/07\/Echeveria-Taurus_-Jardimdapini.jpg\" \n\t\t\t\t\t\t\t\t\t   class=\"galeria-item glightbox\" \n\t\t\t\t\t\t\t\t\t   data-gallery=\"galeria-6a990b44484b6\"\n\t\t\t\t\t\t\t\t\t   data-glightbox=\"description: \">\n\t\t\t\t\t\t\t\t\t\t<img decoding=\"async\" src=\"https:\/\/jardimdapini.pt\/wp-content\/uploads\/2021\/07\/Echeveria-Taurus_-Jardimdapini.jpg\" alt=\"\" loading=\"lazy\">\n\t\t\t\t\t\t\t\t\t<\/a>\n\t\t\t\t\t\t\t\t\t\t\t\t\t\t\t\t\t<a href=\"https:\/\/jardimdapini.pt\/wp-content\/uploads\/2021\/07\/Euphorbia-Obesa_.jpg\" \n\t\t\t\t\t\t\t\t\t   class=\"galeria-item glightbox\" \n\t\t\t\t\t\t\t\t\t   data-gallery=\"galeria-6a990b44484b6\"\n\t\t\t\t\t\t\t\t\t   data-glightbox=\"description: \">\n\t\t\t\t\t\t\t\t\t\t<img decoding=\"async\" src=\"https:\/\/jardimdapini.pt\/wp-content\/uploads\/2021\/07\/Euphorbia-Obesa_.jpg\" alt=\"\" loading=\"lazy\">\n\t\t\t\t\t\t\t\t\t<\/a>\n\t\t\t\t\t\t\t\t\t\t\t\t\t\t\t\t\t<a href=\"https:\/\/jardimdapini.pt\/wp-content\/uploads\/2021\/07\/Echeveria-Azulita-_.jpg\" \n\t\t\t\t\t\t\t\t\t   class=\"galeria-item glightbox\" \n\t\t\t\t\t\t\t\t\t   data-gallery=\"galeria-6a990b44484b6\"\n\t\t\t\t\t\t\t\t\t   data-glightbox=\"description: \">\n\t\t\t\t\t\t\t\t\t\t<img decoding=\"async\" src=\"https:\/\/jardimdapini.pt\/wp-content\/uploads\/2021\/07\/Echeveria-Azulita-_.jpg\" alt=\"\" loading=\"lazy\">\n\t\t\t\t\t\t\t\t\t<\/a>\n\t\t\t\t\t\t\t\t\t\t\t\t\t\t\t\t\t<a href=\"https:\/\/jardimdapini.pt\/wp-content\/uploads\/2021\/07\/Echeveria-Dicks-Pink-_.jpg\" \n\t\t\t\t\t\t\t\t\t   class=\"galeria-item glightbox\" \n\t\t\t\t\t\t\t\t\t   data-gallery=\"galeria-6a990b44484b6\"\n\t\t\t\t\t\t\t\t\t   data-glightbox=\"description: \">\n\t\t\t\t\t\t\t\t\t\t<img decoding=\"async\" src=\"https:\/\/jardimdapini.pt\/wp-content\/uploads\/2021\/07\/Echeveria-Dicks-Pink-_.jpg\" alt=\"\" loading=\"lazy\">\n\t\t\t\t\t\t\t\t\t<\/a>\n\t\t\t\t\t\t\t\t\t\t\t\t\t\t\t\t\t<a href=\"https:\/\/jardimdapini.pt\/wp-content\/uploads\/2019\/11\/Cotyledon-Pendens_-1.jpg\" \n\t\t\t\t\t\t\t\t\t   class=\"galeria-item glightbox\" \n\t\t\t\t\t\t\t\t\t   data-gallery=\"galeria-6a990b44484b6\"\n\t\t\t\t\t\t\t\t\t   data-glightbox=\"description: \">\n\t\t\t\t\t\t\t\t\t\t<img decoding=\"async\" src=\"https:\/\/jardimdapini.pt\/wp-content\/uploads\/2019\/11\/Cotyledon-Pendens_-1.jpg\" alt=\"\" loading=\"lazy\">\n\t\t\t\t\t\t\t\t\t<\/a>\n\t\t\t\t\t\t\t\t\t\t\t\t\t\t\t\t\t<a href=\"https:\/\/jardimdapini.pt\/wp-content\/uploads\/2021\/06\/crassula-capitella-red-pagoda_.jpg\" \n\t\t\t\t\t\t\t\t\t   class=\"galeria-item glightbox\" \n\t\t\t\t\t\t\t\t\t   data-gallery=\"galeria-6a990b44484b6\"\n\t\t\t\t\t\t\t\t\t   data-glightbox=\"description: \">\n\t\t\t\t\t\t\t\t\t\t<img decoding=\"async\" src=\"https:\/\/jardimdapini.pt\/wp-content\/uploads\/2021\/06\/crassula-capitella-red-pagoda_.jpg\" alt=\"\" loading=\"lazy\">\n\t\t\t\t\t\t\t\t\t<\/a>\n\t\t\t\t\t\t\t\t\t\t\t\t\t\t\t\t\t<a href=\"https:\/\/jardimdapini.pt\/wp-content\/uploads\/2021\/05\/Sempervivum-Mix-_.jpg\" \n\t\t\t\t\t\t\t\t\t   class=\"galeria-item glightbox\" \n\t\t\t\t\t\t\t\t\t   data-gallery=\"galeria-6a990b44484b6\"\n\t\t\t\t\t\t\t\t\t   data-glightbox=\"description: \">\n\t\t\t\t\t\t\t\t\t\t<img decoding=\"async\" src=\"https:\/\/jardimdapini.pt\/wp-content\/uploads\/2021\/05\/Sempervivum-Mix-_.jpg\" alt=\"\" loading=\"lazy\">\n\t\t\t\t\t\t\t\t\t<\/a>\n\t\t\t\t\t\t\t\t\t\t\t\t\t\t\t\t\t<a href=\"https:\/\/jardimdapini.pt\/wp-content\/uploads\/2021\/04\/Echeveria-Rainbow-Jardimdapini.jpg\" \n\t\t\t\t\t\t\t\t\t   class=\"galeria-item glightbox\" \n\t\t\t\t\t\t\t\t\t   data-gallery=\"galeria-6a990b44484b6\"\n\t\t\t\t\t\t\t\t\t   data-glightbox=\"description: \">\n\t\t\t\t\t\t\t\t\t\t<img decoding=\"async\" src=\"https:\/\/jardimdapini.pt\/wp-content\/uploads\/2021\/04\/Echeveria-Rainbow-Jardimdapini.jpg\" alt=\"\" loading=\"lazy\">\n\t\t\t\t\t\t\t\t\t<\/a>\n\t\t\t\t\t\t\t\t\t\t\t\t\t\t\t\t\t<a href=\"https:\/\/jardimdapini.pt\/wp-content\/uploads\/2020\/04\/Echeveria-Cante-Taca.jpg\" \n\t\t\t\t\t\t\t\t\t   class=\"galeria-item glightbox\" \n\t\t\t\t\t\t\t\t\t   data-gallery=\"galeria-6a990b44484b6\"\n\t\t\t\t\t\t\t\t\t   data-glightbox=\"description: \">\n\t\t\t\t\t\t\t\t\t\t<img decoding=\"async\" src=\"https:\/\/jardimdapini.pt\/wp-content\/uploads\/2020\/04\/Echeveria-Cante-Taca.jpg\" alt=\"\" loading=\"lazy\">\n\t\t\t\t\t\t\t\t\t<\/a>\n\t\t\t\t\t\t\t\t\t\t\t\t\t\t\t\t\t<a href=\"https:\/\/jardimdapini.pt\/wp-content\/uploads\/2016\/05\/Echeveria-Subrigida_Viveiro-Suculentas.jpg\" \n\t\t\t\t\t\t\t\t\t   class=\"galeria-item glightbox\" \n\t\t\t\t\t\t\t\t\t   data-gallery=\"galeria-6a990b44484b6\"\n\t\t\t\t\t\t\t\t\t   data-glightbox=\"description: \">\n\t\t\t\t\t\t\t\t\t\t<img decoding=\"async\" src=\"https:\/\/jardimdapini.pt\/wp-content\/uploads\/2016\/05\/Echeveria-Subrigida_Viveiro-Suculentas.jpg\" alt=\"\" loading=\"lazy\">\n\t\t\t\t\t\t\t\t\t<\/a>\n\t\t\t\t\t\t\t\t\t\t\t\t\t\t\t\t\t<a href=\"https:\/\/jardimdapini.pt\/wp-content\/uploads\/2021\/07\/Echeveria-Taurus_-Jardimdapini.jpg\" \n\t\t\t\t\t\t\t\t\t   class=\"galeria-item glightbox\" \n\t\t\t\t\t\t\t\t\t   data-gallery=\"galeria-6a990b44484b6\"\n\t\t\t\t\t\t\t\t\t   data-glightbox=\"description: \">\n\t\t\t\t\t\t\t\t\t\t<img decoding=\"async\" src=\"https:\/\/jardimdapini.pt\/wp-content\/uploads\/2021\/07\/Echeveria-Taurus_-Jardimdapini.jpg\" alt=\"\" loading=\"lazy\">\n\t\t\t\t\t\t\t\t\t<\/a>\n\t\t\t\t\t\t\t\t\t\t\t\t\t\t\t\t\t<a href=\"https:\/\/jardimdapini.pt\/wp-content\/uploads\/2021\/07\/Euphorbia-Obesa_.jpg\" \n\t\t\t\t\t\t\t\t\t   class=\"galeria-item glightbox\" \n\t\t\t\t\t\t\t\t\t   data-gallery=\"galeria-6a990b44484b6\"\n\t\t\t\t\t\t\t\t\t   data-glightbox=\"description: \">\n\t\t\t\t\t\t\t\t\t\t<img decoding=\"async\" src=\"https:\/\/jardimdapini.pt\/wp-content\/uploads\/2021\/07\/Euphorbia-Obesa_.jpg\" alt=\"\" loading=\"lazy\">\n\t\t\t\t\t\t\t\t\t<\/a>\n\t\t\t\t\t\t\t\t\t\t\t\t\t\t\t\t\t<a href=\"https:\/\/jardimdapini.pt\/wp-content\/uploads\/2021\/07\/Echeveria-Azulita-_.jpg\" \n\t\t\t\t\t\t\t\t\t   class=\"galeria-item glightbox\" \n\t\t\t\t\t\t\t\t\t   data-gallery=\"galeria-6a990b44484b6\"\n\t\t\t\t\t\t\t\t\t   data-glightbox=\"description: \">\n\t\t\t\t\t\t\t\t\t\t<img decoding=\"async\" src=\"https:\/\/jardimdapini.pt\/wp-content\/uploads\/2021\/07\/Echeveria-Azulita-_.jpg\" alt=\"\" loading=\"lazy\">\n\t\t\t\t\t\t\t\t\t<\/a>\n\t\t\t\t\t\t\t\t\t\t\t\t\t\t\t\t\t<a href=\"https:\/\/jardimdapini.pt\/wp-content\/uploads\/2021\/07\/Echeveria-Dicks-Pink-_.jpg\" \n\t\t\t\t\t\t\t\t\t   class=\"galeria-item glightbox\" \n\t\t\t\t\t\t\t\t\t   data-gallery=\"galeria-6a990b44484b6\"\n\t\t\t\t\t\t\t\t\t   data-glightbox=\"description: \">\n\t\t\t\t\t\t\t\t\t\t<img decoding=\"async\" src=\"https:\/\/jardimdapini.pt\/wp-content\/uploads\/2021\/07\/Echeveria-Dicks-Pink-_.jpg\" alt=\"\" loading=\"lazy\">\n\t\t\t\t\t\t\t\t\t<\/a>\n\t\t\t\t\t\t\t\t\t\t\t\t\t\t\t\t\t<a href=\"https:\/\/jardimdapini.pt\/wp-content\/uploads\/2019\/11\/Cotyledon-Pendens_-1.jpg\" \n\t\t\t\t\t\t\t\t\t   class=\"galeria-item glightbox\" \n\t\t\t\t\t\t\t\t\t   data-gallery=\"galeria-6a990b44484b6\"\n\t\t\t\t\t\t\t\t\t   data-glightbox=\"description: \">\n\t\t\t\t\t\t\t\t\t\t<img decoding=\"async\" src=\"https:\/\/jardimdapini.pt\/wp-content\/uploads\/2019\/11\/Cotyledon-Pendens_-1.jpg\" alt=\"\" loading=\"lazy\">\n\t\t\t\t\t\t\t\t\t<\/a>\n\t\t\t\t\t\t\t\t\t\t\t\t\t\t\t\t\t<a href=\"https:\/\/jardimdapini.pt\/wp-content\/uploads\/2021\/06\/crassula-capitella-red-pagoda_.jpg\" \n\t\t\t\t\t\t\t\t\t   class=\"galeria-item glightbox\" \n\t\t\t\t\t\t\t\t\t   data-gallery=\"galeria-6a990b44484b6\"\n\t\t\t\t\t\t\t\t\t   data-glightbox=\"description: \">\n\t\t\t\t\t\t\t\t\t\t<img decoding=\"async\" src=\"https:\/\/jardimdapini.pt\/wp-content\/uploads\/2021\/06\/crassula-capitella-red-pagoda_.jpg\" alt=\"\" loading=\"lazy\">\n\t\t\t\t\t\t\t\t\t<\/a>\n\t\t\t\t\t\t\t\t\t\t\t\t\t\t\t\t\t<a href=\"https:\/\/jardimdapini.pt\/wp-content\/uploads\/2021\/05\/Sempervivum-Mix-_.jpg\" \n\t\t\t\t\t\t\t\t\t   class=\"galeria-item glightbox\" \n\t\t\t\t\t\t\t\t\t   data-gallery=\"galeria-6a990b44484b6\"\n\t\t\t\t\t\t\t\t\t   data-glightbox=\"description: \">\n\t\t\t\t\t\t\t\t\t\t<img decoding=\"async\" src=\"https:\/\/jardimdapini.pt\/wp-content\/uploads\/2021\/05\/Sempervivum-Mix-_.jpg\" alt=\"\" loading=\"lazy\">\n\t\t\t\t\t\t\t\t\t<\/a>\n\t\t\t\t\t\t\t\t\t\t\t\t\t\t\t\t\t<a href=\"https:\/\/jardimdapini.pt\/wp-content\/uploads\/2021\/04\/Echeveria-Rainbow-Jardimdapini.jpg\" \n\t\t\t\t\t\t\t\t\t   class=\"galeria-item glightbox\" \n\t\t\t\t\t\t\t\t\t   data-gallery=\"galeria-6a990b44484b6\"\n\t\t\t\t\t\t\t\t\t   data-glightbox=\"description: \">\n\t\t\t\t\t\t\t\t\t\t<img decoding=\"async\" src=\"https:\/\/jardimdapini.pt\/wp-content\/uploads\/2021\/04\/Echeveria-Rainbow-Jardimdapini.jpg\" alt=\"\" loading=\"lazy\">\n\t\t\t\t\t\t\t\t\t<\/a>\n\t\t\t\t\t\t\t\t\t\t\t\t\t\t\t\t\t<a href=\"https:\/\/jardimdapini.pt\/wp-content\/uploads\/2020\/04\/Echeveria-Cante-Taca.jpg\" \n\t\t\t\t\t\t\t\t\t   class=\"galeria-item glightbox\" \n\t\t\t\t\t\t\t\t\t   data-gallery=\"galeria-6a990b44484b6\"\n\t\t\t\t\t\t\t\t\t   data-glightbox=\"description: \">\n\t\t\t\t\t\t\t\t\t\t<img decoding=\"async\" src=\"https:\/\/jardimdapini.pt\/wp-content\/uploads\/2020\/04\/Echeveria-Cante-Taca.jpg\" alt=\"\" loading=\"lazy\">\n\t\t\t\t\t\t\t\t\t<\/a>\n\t\t\t\t\t\t\t\t\t\t\t\t\t\t\t\t\t<a href=\"https:\/\/jardimdapini.pt\/wp-content\/uploads\/2016\/05\/Echeveria-Subrigida_Viveiro-Suculentas.jpg\" \n\t\t\t\t\t\t\t\t\t   class=\"galeria-item glightbox\" \n\t\t\t\t\t\t\t\t\t   data-gallery=\"galeria-6a990b44484b6\"\n\t\t\t\t\t\t\t\t\t   data-glightbox=\"description: \">\n\t\t\t\t\t\t\t\t\t\t<img decoding=\"async\" src=\"https:\/\/jardimdapini.pt\/wp-content\/uploads\/2016\/05\/Echeveria-Subrigida_Viveiro-Suculentas.jpg\" alt=\"\" loading=\"lazy\">\n\t\t\t\t\t\t\t\t\t<\/a>\n\t\t\t\t\t\t\t\t\t\t\t\t\t<\/div>\n\t\t\t\t\t\t\t\t\n\t\t\t\t<!-- Row 2 (Bottom - scrolls right) -->\n\t\t\t\t\t\t\t\t\t<div class=\"galeria-row galeria-row-2\">\n\t\t\t\t\t\t\t\t\t\t\t\t\t\t\t<a href=\"https:\/\/jardimdapini.pt\/wp-content\/uploads\/2016\/05\/Echeveria-Mexican-Giant_.jpg\" \n\t\t\t\t\t\t\t\t\t   class=\"galeria-item glightbox\" \n\t\t\t\t\t\t\t\t\t   data-gallery=\"galeria-6a990b44484b6\"\n\t\t\t\t\t\t\t\t\t   data-glightbox=\"description: \">\n\t\t\t\t\t\t\t\t\t\t<img decoding=\"async\" src=\"https:\/\/jardimdapini.pt\/wp-content\/uploads\/2016\/05\/Echeveria-Mexican-Giant_.jpg\" alt=\"\" loading=\"lazy\">\n\t\t\t\t\t\t\t\t\t<\/a>\n\t\t\t\t\t\t\t\t\t\t\t\t\t\t\t\t\t<a href=\"https:\/\/jardimdapini.pt\/wp-content\/uploads\/2016\/05\/Faucaria-tuberculosa_-1.jpg\" \n\t\t\t\t\t\t\t\t\t   class=\"galeria-item glightbox\" \n\t\t\t\t\t\t\t\t\t   data-gallery=\"galeria-6a990b44484b6\"\n\t\t\t\t\t\t\t\t\t   data-glightbox=\"description: \">\n\t\t\t\t\t\t\t\t\t\t<img decoding=\"async\" src=\"https:\/\/jardimdapini.pt\/wp-content\/uploads\/2016\/05\/Faucaria-tuberculosa_-1.jpg\" alt=\"\" loading=\"lazy\">\n\t\t\t\t\t\t\t\t\t<\/a>\n\t\t\t\t\t\t\t\t\t\t\t\t\t\t\t\t\t<a href=\"https:\/\/jardimdapini.pt\/wp-content\/uploads\/2020\/07\/Stapelia-Variegata.jpg\" \n\t\t\t\t\t\t\t\t\t   class=\"galeria-item glightbox\" \n\t\t\t\t\t\t\t\t\t   data-gallery=\"galeria-6a990b44484b6\"\n\t\t\t\t\t\t\t\t\t   data-glightbox=\"description: \">\n\t\t\t\t\t\t\t\t\t\t<img decoding=\"async\" src=\"https:\/\/jardimdapini.pt\/wp-content\/uploads\/2020\/07\/Stapelia-Variegata.jpg\" alt=\"\" loading=\"lazy\">\n\t\t\t\t\t\t\t\t\t<\/a>\n\t\t\t\t\t\t\t\t\t\t\t\t\t\t\t\t\t<a href=\"https:\/\/jardimdapini.pt\/wp-content\/uploads\/2020\/01\/Echeveria-Raindrops_Hibrida.jpg\" \n\t\t\t\t\t\t\t\t\t   class=\"galeria-item glightbox\" \n\t\t\t\t\t\t\t\t\t   data-gallery=\"galeria-6a990b44484b6\"\n\t\t\t\t\t\t\t\t\t   data-glightbox=\"description: \">\n\t\t\t\t\t\t\t\t\t\t<img decoding=\"async\" src=\"https:\/\/jardimdapini.pt\/wp-content\/uploads\/2020\/01\/Echeveria-Raindrops_Hibrida.jpg\" alt=\"\" loading=\"lazy\">\n\t\t\t\t\t\t\t\t\t<\/a>\n\t\t\t\t\t\t\t\t\t\t\t\t\t\t\t\t\t<a href=\"https:\/\/jardimdapini.pt\/wp-content\/uploads\/2020\/05\/Lithops-Mix_Pedras-vivas.jpg\" \n\t\t\t\t\t\t\t\t\t   class=\"galeria-item glightbox\" \n\t\t\t\t\t\t\t\t\t   data-gallery=\"galeria-6a990b44484b6\"\n\t\t\t\t\t\t\t\t\t   data-glightbox=\"description: \">\n\t\t\t\t\t\t\t\t\t\t<img decoding=\"async\" src=\"https:\/\/jardimdapini.pt\/wp-content\/uploads\/2020\/05\/Lithops-Mix_Pedras-vivas.jpg\" alt=\"\" loading=\"lazy\">\n\t\t\t\t\t\t\t\t\t<\/a>\n\t\t\t\t\t\t\t\t\t\t\t\t\t\t\t\t\t<a href=\"https:\/\/jardimdapini.pt\/wp-content\/uploads\/2020\/05\/Mammillaria-pseudoperbella.jpg\" \n\t\t\t\t\t\t\t\t\t   class=\"galeria-item glightbox\" \n\t\t\t\t\t\t\t\t\t   data-gallery=\"galeria-6a990b44484b6\"\n\t\t\t\t\t\t\t\t\t   data-glightbox=\"description: \">\n\t\t\t\t\t\t\t\t\t\t<img decoding=\"async\" src=\"https:\/\/jardimdapini.pt\/wp-content\/uploads\/2020\/05\/Mammillaria-pseudoperbella.jpg\" alt=\"\" loading=\"lazy\">\n\t\t\t\t\t\t\t\t\t<\/a>\n\t\t\t\t\t\t\t\t\t\t\t\t\t\t\t\t\t<a href=\"https:\/\/jardimdapini.pt\/wp-content\/uploads\/2021\/07\/Aeonium-Tabuliforme-Variegata.jpg\" \n\t\t\t\t\t\t\t\t\t   class=\"galeria-item glightbox\" \n\t\t\t\t\t\t\t\t\t   data-gallery=\"galeria-6a990b44484b6\"\n\t\t\t\t\t\t\t\t\t   data-glightbox=\"description: \">\n\t\t\t\t\t\t\t\t\t\t<img decoding=\"async\" src=\"https:\/\/jardimdapini.pt\/wp-content\/uploads\/2021\/07\/Aeonium-Tabuliforme-Variegata.jpg\" alt=\"\" loading=\"lazy\">\n\t\t\t\t\t\t\t\t\t<\/a>\n\t\t\t\t\t\t\t\t\t\t\t\t\t\t\t\t\t<a href=\"https:\/\/jardimdapini.pt\/wp-content\/uploads\/2021\/07\/melocactus-matanzanus.jpg\" \n\t\t\t\t\t\t\t\t\t   class=\"galeria-item glightbox\" \n\t\t\t\t\t\t\t\t\t   data-gallery=\"galeria-6a990b44484b6\"\n\t\t\t\t\t\t\t\t\t   data-glightbox=\"description: \">\n\t\t\t\t\t\t\t\t\t\t<img decoding=\"async\" src=\"https:\/\/jardimdapini.pt\/wp-content\/uploads\/2021\/07\/melocactus-matanzanus.jpg\" alt=\"\" loading=\"lazy\">\n\t\t\t\t\t\t\t\t\t<\/a>\n\t\t\t\t\t\t\t\t\t\t\t\t\t\t\t\t\t<a href=\"https:\/\/jardimdapini.pt\/wp-content\/uploads\/2020\/06\/avonia-papyracea.jpg\" \n\t\t\t\t\t\t\t\t\t   class=\"galeria-item glightbox\" \n\t\t\t\t\t\t\t\t\t   data-gallery=\"galeria-6a990b44484b6\"\n\t\t\t\t\t\t\t\t\t   data-glightbox=\"description: \">\n\t\t\t\t\t\t\t\t\t\t<img decoding=\"async\" src=\"https:\/\/jardimdapini.pt\/wp-content\/uploads\/2020\/06\/avonia-papyracea.jpg\" alt=\"\" loading=\"lazy\">\n\t\t\t\t\t\t\t\t\t<\/a>\n\t\t\t\t\t\t\t\t\t\t\t\t\t\t\t\t\t<a href=\"https:\/\/jardimdapini.pt\/wp-content\/uploads\/2016\/05\/Echeveria-Mexican-Giant_.jpg\" \n\t\t\t\t\t\t\t\t\t   class=\"galeria-item glightbox\" \n\t\t\t\t\t\t\t\t\t   data-gallery=\"galeria-6a990b44484b6\"\n\t\t\t\t\t\t\t\t\t   data-glightbox=\"description: \">\n\t\t\t\t\t\t\t\t\t\t<img decoding=\"async\" src=\"https:\/\/jardimdapini.pt\/wp-content\/uploads\/2016\/05\/Echeveria-Mexican-Giant_.jpg\" alt=\"\" loading=\"lazy\">\n\t\t\t\t\t\t\t\t\t<\/a>\n\t\t\t\t\t\t\t\t\t\t\t\t\t\t\t\t\t<a href=\"https:\/\/jardimdapini.pt\/wp-content\/uploads\/2016\/05\/Faucaria-tuberculosa_-1.jpg\" \n\t\t\t\t\t\t\t\t\t   class=\"galeria-item glightbox\" \n\t\t\t\t\t\t\t\t\t   data-gallery=\"galeria-6a990b44484b6\"\n\t\t\t\t\t\t\t\t\t   data-glightbox=\"description: \">\n\t\t\t\t\t\t\t\t\t\t<img decoding=\"async\" src=\"https:\/\/jardimdapini.pt\/wp-content\/uploads\/2016\/05\/Faucaria-tuberculosa_-1.jpg\" alt=\"\" loading=\"lazy\">\n\t\t\t\t\t\t\t\t\t<\/a>\n\t\t\t\t\t\t\t\t\t\t\t\t\t\t\t\t\t<a href=\"https:\/\/jardimdapini.pt\/wp-content\/uploads\/2020\/07\/Stapelia-Variegata.jpg\" \n\t\t\t\t\t\t\t\t\t   class=\"galeria-item glightbox\" \n\t\t\t\t\t\t\t\t\t   data-gallery=\"galeria-6a990b44484b6\"\n\t\t\t\t\t\t\t\t\t   data-glightbox=\"description: \">\n\t\t\t\t\t\t\t\t\t\t<img decoding=\"async\" src=\"https:\/\/jardimdapini.pt\/wp-content\/uploads\/2020\/07\/Stapelia-Variegata.jpg\" alt=\"\" loading=\"lazy\">\n\t\t\t\t\t\t\t\t\t<\/a>\n\t\t\t\t\t\t\t\t\t\t\t\t\t\t\t\t\t<a href=\"https:\/\/jardimdapini.pt\/wp-content\/uploads\/2020\/01\/Echeveria-Raindrops_Hibrida.jpg\" \n\t\t\t\t\t\t\t\t\t   class=\"galeria-item glightbox\" \n\t\t\t\t\t\t\t\t\t   data-gallery=\"galeria-6a990b44484b6\"\n\t\t\t\t\t\t\t\t\t   data-glightbox=\"description: \">\n\t\t\t\t\t\t\t\t\t\t<img decoding=\"async\" src=\"https:\/\/jardimdapini.pt\/wp-content\/uploads\/2020\/01\/Echeveria-Raindrops_Hibrida.jpg\" alt=\"\" loading=\"lazy\">\n\t\t\t\t\t\t\t\t\t<\/a>\n\t\t\t\t\t\t\t\t\t\t\t\t\t\t\t\t\t<a href=\"https:\/\/jardimdapini.pt\/wp-content\/uploads\/2020\/05\/Lithops-Mix_Pedras-vivas.jpg\" \n\t\t\t\t\t\t\t\t\t   class=\"galeria-item glightbox\" \n\t\t\t\t\t\t\t\t\t   data-gallery=\"galeria-6a990b44484b6\"\n\t\t\t\t\t\t\t\t\t   data-glightbox=\"description: \">\n\t\t\t\t\t\t\t\t\t\t<img decoding=\"async\" src=\"https:\/\/jardimdapini.pt\/wp-content\/uploads\/2020\/05\/Lithops-Mix_Pedras-vivas.jpg\" alt=\"\" loading=\"lazy\">\n\t\t\t\t\t\t\t\t\t<\/a>\n\t\t\t\t\t\t\t\t\t\t\t\t\t\t\t\t\t<a href=\"https:\/\/jardimdapini.pt\/wp-content\/uploads\/2020\/05\/Mammillaria-pseudoperbella.jpg\" \n\t\t\t\t\t\t\t\t\t   class=\"galeria-item glightbox\" \n\t\t\t\t\t\t\t\t\t   data-gallery=\"galeria-6a990b44484b6\"\n\t\t\t\t\t\t\t\t\t   data-glightbox=\"description: \">\n\t\t\t\t\t\t\t\t\t\t<img decoding=\"async\" src=\"https:\/\/jardimdapini.pt\/wp-content\/uploads\/2020\/05\/Mammillaria-pseudoperbella.jpg\" alt=\"\" loading=\"lazy\">\n\t\t\t\t\t\t\t\t\t<\/a>\n\t\t\t\t\t\t\t\t\t\t\t\t\t\t\t\t\t<a href=\"https:\/\/jardimdapini.pt\/wp-content\/uploads\/2021\/07\/Aeonium-Tabuliforme-Variegata.jpg\" \n\t\t\t\t\t\t\t\t\t   class=\"galeria-item glightbox\" \n\t\t\t\t\t\t\t\t\t   data-gallery=\"galeria-6a990b44484b6\"\n\t\t\t\t\t\t\t\t\t   data-glightbox=\"description: \">\n\t\t\t\t\t\t\t\t\t\t<img decoding=\"async\" src=\"https:\/\/jardimdapini.pt\/wp-content\/uploads\/2021\/07\/Aeonium-Tabuliforme-Variegata.jpg\" alt=\"\" loading=\"lazy\">\n\t\t\t\t\t\t\t\t\t<\/a>\n\t\t\t\t\t\t\t\t\t\t\t\t\t\t\t\t\t<a href=\"https:\/\/jardimdapini.pt\/wp-content\/uploads\/2021\/07\/melocactus-matanzanus.jpg\" \n\t\t\t\t\t\t\t\t\t   class=\"galeria-item glightbox\" \n\t\t\t\t\t\t\t\t\t   data-gallery=\"galeria-6a990b44484b6\"\n\t\t\t\t\t\t\t\t\t   data-glightbox=\"description: \">\n\t\t\t\t\t\t\t\t\t\t<img decoding=\"async\" src=\"https:\/\/jardimdapini.pt\/wp-content\/uploads\/2021\/07\/melocactus-matanzanus.jpg\" alt=\"\" loading=\"lazy\">\n\t\t\t\t\t\t\t\t\t<\/a>\n\t\t\t\t\t\t\t\t\t\t\t\t\t\t\t\t\t<a href=\"https:\/\/jardimdapini.pt\/wp-content\/uploads\/2020\/06\/avonia-papyracea.jpg\" \n\t\t\t\t\t\t\t\t\t   class=\"galeria-item glightbox\" \n\t\t\t\t\t\t\t\t\t   data-gallery=\"galeria-6a990b44484b6\"\n\t\t\t\t\t\t\t\t\t   data-glightbox=\"description: \">\n\t\t\t\t\t\t\t\t\t\t<img decoding=\"async\" src=\"https:\/\/jardimdapini.pt\/wp-content\/uploads\/2020\/06\/avonia-papyracea.jpg\" alt=\"\" loading=\"lazy\">\n\t\t\t\t\t\t\t\t\t<\/a>\n\t\t\t\t\t\t\t\t\t\t\t\t\t<\/div>\n\t\t\t\t\t\t\t<\/div>\n\t\t<\/div>\n\t<\/section>\n\t\n\t[\/vc_column][\/vc_row][\/vc_section][vc_section full_width=&#8221;stretch_row_content&#8221; _et_uniqid=&#8221;et_custom_uniqid_new_69398d844ae94&#8243;][vc_row][vc_column]\t<section class=\"produtos-recentes-section\">\n\t\t<div class=\"produtos-recentes-container\">\n\t\t\t<div class=\"produtos-recentes-header\">\n\t\t\t\t<div class=\"produtos-recentes-title-wrapper\">\n\t\t\t\t\t<p class=\"produtos-recentes-tagline\">Tienda<\/p>\n\t\t\t\t\t<div class=\"produtos-recentes-content\">\n\t\t\t\t\t\t<h2 class=\"produtos-recentes-title h1\">Por qu\u00e9 suculentas?<\/h2>\n\t\t\t\t\t\t<p class=\"produtos-recentes-description\">Todo es m\u00e1s f\u00e1cil cuando hacemos lo que nos gusta, y es f\u00e1cil amar las suculentas por su incre\u00edble n\u00famero de especies, colores y formas. Son plantas f\u00e1ciles de cuidar, requieren poca agua y se pueden usar de m\u00faltiples maneras para decorar tanto dentro como fuera de casa.<\/p>\n\t\t\t\t\t<\/div>\n\t\t\t\t<\/div>\n\t\t\t\t<div class=\"produtos-recentes-actions\">\n\t\t\t\t\t\t\t\t\t\t<a href=\"https:\/\/jardimdapini.pt\/es\/tienda\/\" class=\"produtos-recentes-button\">\n\t\t\t\t\t\tVer todas\t\t\t\t\t<\/a>\n\t\t\t\t<\/div>\n\t\t\t<\/div>\n\t\t\t\n\t\t\t<div class=\"produtos-recentes-content-wrapper\">\n\t\t\t\t<div class=\"swiper produtos-recentes-swiper\">\n\t\t\t\t\t<div class=\"swiper-wrapper\">\n\t\t\t\t\t\t\t\t\t\t\t\t\t\t\t\t\t<div class=\"swiper-slide\">\n\t\t\t\t\t\t\t<div class=\"produto-card\">\n\t\t\t\t\t\t\t<div class=\"produto-image-wrapper\">\n\t\t\t\t\t\t\t\t\t\t\t\t\t\t\t\t<a href=\"https:\/\/jardimdapini.pt\/es\/product\/sempervivum-lemon-flare\/\">\n\t\t\t\t\t\t\t\t\t<img decoding=\"async\" width=\"300\" height=\"300\" src=\"https:\/\/jardimdapini.pt\/wp-content\/uploads\/xstore\/xstore-placeholder-1x1.png\" class=\"attachment-woocommerce_thumbnail size-woocommerce_thumbnail lazyload lazyload-simple et-lazyload-fadeIn\" alt=\"Sempervivum Lemon Flare\" sizes=\"(max-width: 300px) 100vw, 300px\" data-src=\"https:\/\/jardimdapini.pt\/wp-content\/uploads\/2026\/07\/Sempervivum-Lemon-Flare-_-300x300.jpg\" data-srcset=\"https:\/\/jardimdapini.pt\/wp-content\/uploads\/2026\/07\/Sempervivum-Lemon-Flare-_-300x300.jpg 300w, https:\/\/jardimdapini.pt\/wp-content\/uploads\/2026\/07\/Sempervivum-Lemon-Flare-_-150x150.jpg 150w, https:\/\/jardimdapini.pt\/wp-content\/uploads\/2026\/07\/Sempervivum-Lemon-Flare-_-768x768.jpg 768w, https:\/\/jardimdapini.pt\/wp-content\/uploads\/2026\/07\/Sempervivum-Lemon-Flare-_-600x600.jpg 600w, https:\/\/jardimdapini.pt\/wp-content\/uploads\/2026\/07\/Sempervivum-Lemon-Flare-_-100x100.jpg 100w, https:\/\/jardimdapini.pt\/wp-content\/uploads\/2026\/07\/Sempervivum-Lemon-Flare-_-1x1.jpg 1w, https:\/\/jardimdapini.pt\/wp-content\/uploads\/2026\/07\/Sempervivum-Lemon-Flare-_-10x10.jpg 10w, https:\/\/jardimdapini.pt\/wp-content\/uploads\/2026\/07\/Sempervivum-Lemon-Flare-_.jpg 900w\" \/>\t\t\t\t\t\t\t\t<\/a>\n\t\t\t\t\t\t\t<\/div>\n\t\t\t\t\t\t\t<div class=\"produto-content\">\n\t\t\t\t\t\t\t\t<div class=\"produto-header\">\n\t\t\t\t\t\t\t\t\t<div class=\"produto-info\">\n\t\t\t\t\t\t\t\t\t\t<h3 class=\"produto-name\">\n\t\t\t\t\t\t\t\t\t\t\t<a href=\"https:\/\/jardimdapini.pt\/es\/product\/sempervivum-lemon-flare\/\">Sempervivum Lemon Flare<\/a>\n\t\t\t\t\t\t\t\t\t\t<\/h3>\n\t\t\t\t\t\t\t\t\t\t<p class=\"produto-stock in-stock\">En stock<\/p>\n\t\t\t\t\t\t\t\t\t<\/div>\n\t\t\t\t\t\t\t\t\t<div class=\"produto-price\">\n\t\t\t\t\t\t\t\t\t\t<span class=\"woocommerce-Price-amount amount\"><bdi><span class=\"woocommerce-Price-currencySymbol\" translate=\"no\">&euro;<\/span>3.90<\/bdi><\/span>\t\t\t\t\t\t\t\t\t<\/div>\n\t\t\t\t\t\t\t\t<\/div>\n\t\t\t\t\t\t\t\t\t\t\t\t\t\t\t\t\t<div class=\"produto-actions\">\n\t\t\t\t\t\t\t\t\t\t\t\t\t\t\t\t\t\t\t\t\t\t\t\t\t\t\t\t\t\t\t<a href=\"#\"\n\t\t\t\t\t\t\t\t\t\t\t   data-quantity=\"1\"\n\t\t\t\t\t\t\t\t\t\t\t   class=\"button produto-add-to-cart ajax_add_to_cart\"\n\t\t\t\t\t\t\t\t\t\t\t   data-product_id=\"73118\"\n\t\t\t\t\t\t\t\t\t\t\t   data-product_sku=\"\"\n\t\t\t\t\t\t\t\t\t\t\t   rel=\"nofollow\"\n\t\t\t\t\t\t\t\t\t\t\t   onclick=\"return false;\">\n\t\t\t\t\t\t\t\t\t\t\t   A\u00f1adir al carrito\t\t\t\t\t\t\t\t\t\t\t<\/a>\n\t\t\t\t\t\t\t\t\t\t\t\t\t\t\t\t\t\t\t<\/div>\n\t\t\t\t\t\t\t\t\t\t\t\t\t\t\t<\/div>\n\t\t\t\t\t\t<\/div>\n\t\t\t\t\t<\/div>\n\t\t\t\t\t\t\t\t\t\t\t\t\t\t\t\t\t<div class=\"swiper-slide\">\n\t\t\t\t\t\t\t<div class=\"produto-card\">\n\t\t\t\t\t\t\t<div class=\"produto-image-wrapper\">\n\t\t\t\t\t\t\t\t\t\t\t\t\t\t\t\t<a href=\"https:\/\/jardimdapini.pt\/es\/product\/echeveria-mexican-snowball-variegata\/\">\n\t\t\t\t\t\t\t\t\t<img decoding=\"async\" width=\"300\" height=\"300\" src=\"https:\/\/jardimdapini.pt\/wp-content\/uploads\/xstore\/xstore-placeholder-1x1.png\" class=\"attachment-woocommerce_thumbnail size-woocommerce_thumbnail lazyload lazyload-simple et-lazyload-fadeIn\" alt=\"Echeveria Mexican Snowball variegata\" sizes=\"(max-width: 300px) 100vw, 300px\" data-src=\"https:\/\/jardimdapini.pt\/wp-content\/uploads\/2026\/06\/Echeveria-Mexican-Snowball-Variegata-300x300.jpg\" data-srcset=\"https:\/\/jardimdapini.pt\/wp-content\/uploads\/2026\/06\/Echeveria-Mexican-Snowball-Variegata-300x300.jpg 300w, https:\/\/jardimdapini.pt\/wp-content\/uploads\/2026\/06\/Echeveria-Mexican-Snowball-Variegata-150x150.jpg 150w, https:\/\/jardimdapini.pt\/wp-content\/uploads\/2026\/06\/Echeveria-Mexican-Snowball-Variegata-768x768.jpg 768w, https:\/\/jardimdapini.pt\/wp-content\/uploads\/2026\/06\/Echeveria-Mexican-Snowball-Variegata-600x600.jpg 600w, https:\/\/jardimdapini.pt\/wp-content\/uploads\/2026\/06\/Echeveria-Mexican-Snowball-Variegata-100x100.jpg 100w, https:\/\/jardimdapini.pt\/wp-content\/uploads\/2026\/06\/Echeveria-Mexican-Snowball-Variegata-1x1.jpg 1w, https:\/\/jardimdapini.pt\/wp-content\/uploads\/2026\/06\/Echeveria-Mexican-Snowball-Variegata-10x10.jpg 10w, https:\/\/jardimdapini.pt\/wp-content\/uploads\/2026\/06\/Echeveria-Mexican-Snowball-Variegata.jpg 1000w\" \/>\t\t\t\t\t\t\t\t<\/a>\n\t\t\t\t\t\t\t<\/div>\n\t\t\t\t\t\t\t<div class=\"produto-content\">\n\t\t\t\t\t\t\t\t<div class=\"produto-header\">\n\t\t\t\t\t\t\t\t\t<div class=\"produto-info\">\n\t\t\t\t\t\t\t\t\t\t<h3 class=\"produto-name\">\n\t\t\t\t\t\t\t\t\t\t\t<a href=\"https:\/\/jardimdapini.pt\/es\/product\/echeveria-mexican-snowball-variegata\/\">Echeveria Mexican Snowball variegata<\/a>\n\t\t\t\t\t\t\t\t\t\t<\/h3>\n\t\t\t\t\t\t\t\t\t\t<p class=\"produto-stock in-stock\">En stock<\/p>\n\t\t\t\t\t\t\t\t\t<\/div>\n\t\t\t\t\t\t\t\t\t<div class=\"produto-price\">\n\t\t\t\t\t\t\t\t\t\t<span class=\"woocommerce-Price-amount amount\"><bdi><span class=\"woocommerce-Price-currencySymbol\" translate=\"no\">&euro;<\/span>19.90<\/bdi><\/span>\t\t\t\t\t\t\t\t\t<\/div>\n\t\t\t\t\t\t\t\t<\/div>\n\t\t\t\t\t\t\t\t\t\t\t\t\t\t\t\t\t<div class=\"produto-actions\">\n\t\t\t\t\t\t\t\t\t\t\t\t\t\t\t\t\t\t\t\t\t\t\t\t\t\t\t\t\t\t\t<a href=\"#\"\n\t\t\t\t\t\t\t\t\t\t\t   data-quantity=\"1\"\n\t\t\t\t\t\t\t\t\t\t\t   class=\"button produto-add-to-cart ajax_add_to_cart\"\n\t\t\t\t\t\t\t\t\t\t\t   data-product_id=\"72370\"\n\t\t\t\t\t\t\t\t\t\t\t   data-product_sku=\"\"\n\t\t\t\t\t\t\t\t\t\t\t   rel=\"nofollow\"\n\t\t\t\t\t\t\t\t\t\t\t   onclick=\"return false;\">\n\t\t\t\t\t\t\t\t\t\t\t   A\u00f1adir al carrito\t\t\t\t\t\t\t\t\t\t\t<\/a>\n\t\t\t\t\t\t\t\t\t\t\t\t\t\t\t\t\t\t\t<\/div>\n\t\t\t\t\t\t\t\t\t\t\t\t\t\t\t<\/div>\n\t\t\t\t\t\t<\/div>\n\t\t\t\t\t<\/div>\n\t\t\t\t\t\t\t\t\t\t\t\t\t\t\t\t\t<div class=\"swiper-slide\">\n\t\t\t\t\t\t\t<div class=\"produto-card\">\n\t\t\t\t\t\t\t<div class=\"produto-image-wrapper\">\n\t\t\t\t\t\t\t\t\t\t\t\t\t\t\t\t<a href=\"https:\/\/jardimdapini.pt\/es\/product\/echeveria-oliana\/\">\n\t\t\t\t\t\t\t\t\t<img decoding=\"async\" width=\"300\" height=\"300\" src=\"https:\/\/jardimdapini.pt\/wp-content\/uploads\/xstore\/xstore-placeholder-1x1.png\" class=\"attachment-woocommerce_thumbnail size-woocommerce_thumbnail lazyload lazyload-simple et-lazyload-fadeIn\" alt=\"Echeveria Oliana\" sizes=\"(max-width: 300px) 100vw, 300px\" data-src=\"https:\/\/jardimdapini.pt\/wp-content\/uploads\/2026\/06\/Echeveria-Oliana_-300x300.jpg\" data-srcset=\"https:\/\/jardimdapini.pt\/wp-content\/uploads\/2026\/06\/Echeveria-Oliana_-300x300.jpg 300w, https:\/\/jardimdapini.pt\/wp-content\/uploads\/2026\/06\/Echeveria-Oliana_-150x150.jpg 150w, https:\/\/jardimdapini.pt\/wp-content\/uploads\/2026\/06\/Echeveria-Oliana_-768x768.jpg 768w, https:\/\/jardimdapini.pt\/wp-content\/uploads\/2026\/06\/Echeveria-Oliana_-600x600.jpg 600w, https:\/\/jardimdapini.pt\/wp-content\/uploads\/2026\/06\/Echeveria-Oliana_-100x100.jpg 100w, https:\/\/jardimdapini.pt\/wp-content\/uploads\/2026\/06\/Echeveria-Oliana_-1x1.jpg 1w, https:\/\/jardimdapini.pt\/wp-content\/uploads\/2026\/06\/Echeveria-Oliana_-10x10.jpg 10w, https:\/\/jardimdapini.pt\/wp-content\/uploads\/2026\/06\/Echeveria-Oliana_.jpg 950w\" \/>\t\t\t\t\t\t\t\t<\/a>\n\t\t\t\t\t\t\t<\/div>\n\t\t\t\t\t\t\t<div class=\"produto-content\">\n\t\t\t\t\t\t\t\t<div class=\"produto-header\">\n\t\t\t\t\t\t\t\t\t<div class=\"produto-info\">\n\t\t\t\t\t\t\t\t\t\t<h3 class=\"produto-name\">\n\t\t\t\t\t\t\t\t\t\t\t<a href=\"https:\/\/jardimdapini.pt\/es\/product\/echeveria-oliana\/\">Echeveria Oliana<\/a>\n\t\t\t\t\t\t\t\t\t\t<\/h3>\n\t\t\t\t\t\t\t\t\t\t<p class=\"produto-stock in-stock\">En stock<\/p>\n\t\t\t\t\t\t\t\t\t<\/div>\n\t\t\t\t\t\t\t\t\t<div class=\"produto-price\">\n\t\t\t\t\t\t\t\t\t\t<span class=\"woocommerce-Price-amount amount\"><bdi><span class=\"woocommerce-Price-currencySymbol\" translate=\"no\">&euro;<\/span>9.90<\/bdi><\/span>\t\t\t\t\t\t\t\t\t<\/div>\n\t\t\t\t\t\t\t\t<\/div>\n\t\t\t\t\t\t\t\t\t\t\t\t\t\t\t\t\t<div class=\"produto-actions\">\n\t\t\t\t\t\t\t\t\t\t\t\t\t\t\t\t\t\t\t\t\t\t\t\t\t\t\t\t\t\t\t<a href=\"#\"\n\t\t\t\t\t\t\t\t\t\t\t   data-quantity=\"1\"\n\t\t\t\t\t\t\t\t\t\t\t   class=\"button produto-add-to-cart ajax_add_to_cart\"\n\t\t\t\t\t\t\t\t\t\t\t   data-product_id=\"72355\"\n\t\t\t\t\t\t\t\t\t\t\t   data-product_sku=\"\"\n\t\t\t\t\t\t\t\t\t\t\t   rel=\"nofollow\"\n\t\t\t\t\t\t\t\t\t\t\t   onclick=\"return false;\">\n\t\t\t\t\t\t\t\t\t\t\t   A\u00f1adir al carrito\t\t\t\t\t\t\t\t\t\t\t<\/a>\n\t\t\t\t\t\t\t\t\t\t\t\t\t\t\t\t\t\t\t<\/div>\n\t\t\t\t\t\t\t\t\t\t\t\t\t\t\t<\/div>\n\t\t\t\t\t\t<\/div>\n\t\t\t\t\t<\/div>\n\t\t\t\t\t\t\t\t\t\t\t\t\t\t\t\t\t<div class=\"swiper-slide\">\n\t\t\t\t\t\t\t<div class=\"produto-card\">\n\t\t\t\t\t\t\t<div class=\"produto-image-wrapper\">\n\t\t\t\t\t\t\t\t\t\t\t\t\t\t\t\t<a href=\"https:\/\/jardimdapini.pt\/es\/product\/echeveria-elegans-potosina\/\">\n\t\t\t\t\t\t\t\t\t<img decoding=\"async\" width=\"300\" height=\"300\" src=\"https:\/\/jardimdapini.pt\/wp-content\/uploads\/xstore\/xstore-placeholder-1x1.png\" class=\"attachment-woocommerce_thumbnail size-woocommerce_thumbnail lazyload lazyload-simple et-lazyload-fadeIn\" alt=\"Echeveria Elegans Potosina\" sizes=\"(max-width: 300px) 100vw, 300px\" data-src=\"https:\/\/jardimdapini.pt\/wp-content\/uploads\/2026\/06\/echeveria-elegans-potosina_-300x300.jpg\" data-srcset=\"https:\/\/jardimdapini.pt\/wp-content\/uploads\/2026\/06\/echeveria-elegans-potosina_-300x300.jpg 300w, https:\/\/jardimdapini.pt\/wp-content\/uploads\/2026\/06\/echeveria-elegans-potosina_-150x150.jpg 150w, https:\/\/jardimdapini.pt\/wp-content\/uploads\/2026\/06\/echeveria-elegans-potosina_-768x768.jpg 768w, https:\/\/jardimdapini.pt\/wp-content\/uploads\/2026\/06\/echeveria-elegans-potosina_-600x600.jpg 600w, https:\/\/jardimdapini.pt\/wp-content\/uploads\/2026\/06\/echeveria-elegans-potosina_-100x100.jpg 100w, https:\/\/jardimdapini.pt\/wp-content\/uploads\/2026\/06\/echeveria-elegans-potosina_-1x1.jpg 1w, https:\/\/jardimdapini.pt\/wp-content\/uploads\/2026\/06\/echeveria-elegans-potosina_-10x10.jpg 10w, https:\/\/jardimdapini.pt\/wp-content\/uploads\/2026\/06\/echeveria-elegans-potosina_.jpg 900w\" \/>\t\t\t\t\t\t\t\t<\/a>\n\t\t\t\t\t\t\t<\/div>\n\t\t\t\t\t\t\t<div class=\"produto-content\">\n\t\t\t\t\t\t\t\t<div class=\"produto-header\">\n\t\t\t\t\t\t\t\t\t<div class=\"produto-info\">\n\t\t\t\t\t\t\t\t\t\t<h3 class=\"produto-name\">\n\t\t\t\t\t\t\t\t\t\t\t<a href=\"https:\/\/jardimdapini.pt\/es\/product\/echeveria-elegans-potosina\/\">Echeveria Elegans Potosina<\/a>\n\t\t\t\t\t\t\t\t\t\t<\/h3>\n\t\t\t\t\t\t\t\t\t\t<p class=\"produto-stock in-stock\">En stock<\/p>\n\t\t\t\t\t\t\t\t\t<\/div>\n\t\t\t\t\t\t\t\t\t<div class=\"produto-price\">\n\t\t\t\t\t\t\t\t\t\t<span class=\"woocommerce-Price-amount amount\"><bdi><span class=\"woocommerce-Price-currencySymbol\" translate=\"no\">&euro;<\/span>3.90<\/bdi><\/span>\t\t\t\t\t\t\t\t\t<\/div>\n\t\t\t\t\t\t\t\t<\/div>\n\t\t\t\t\t\t\t\t\t\t\t\t\t\t\t\t\t<div class=\"produto-actions\">\n\t\t\t\t\t\t\t\t\t\t\t\t\t\t\t\t\t\t\t\t\t\t\t\t\t\t\t\t\t\t\t<a href=\"#\"\n\t\t\t\t\t\t\t\t\t\t\t   data-quantity=\"1\"\n\t\t\t\t\t\t\t\t\t\t\t   class=\"button produto-add-to-cart ajax_add_to_cart\"\n\t\t\t\t\t\t\t\t\t\t\t   data-product_id=\"72353\"\n\t\t\t\t\t\t\t\t\t\t\t   data-product_sku=\"\"\n\t\t\t\t\t\t\t\t\t\t\t   rel=\"nofollow\"\n\t\t\t\t\t\t\t\t\t\t\t   onclick=\"return false;\">\n\t\t\t\t\t\t\t\t\t\t\t   A\u00f1adir al carrito\t\t\t\t\t\t\t\t\t\t\t<\/a>\n\t\t\t\t\t\t\t\t\t\t\t\t\t\t\t\t\t\t\t<\/div>\n\t\t\t\t\t\t\t\t\t\t\t\t\t\t\t<\/div>\n\t\t\t\t\t\t<\/div>\n\t\t\t\t\t<\/div>\n\t\t\t\t\t\t\t\t\t\t\t\t\t\t\t\t\t<div class=\"swiper-slide\">\n\t\t\t\t\t\t\t<div class=\"produto-card\">\n\t\t\t\t\t\t\t<div class=\"produto-image-wrapper\">\n\t\t\t\t\t\t\t\t\t\t\t\t\t\t\t\t<a href=\"https:\/\/jardimdapini.pt\/es\/product\/sedum-sunsparkler-wildfire\/\">\n\t\t\t\t\t\t\t\t\t<img decoding=\"async\" width=\"300\" height=\"300\" src=\"https:\/\/jardimdapini.pt\/wp-content\/uploads\/xstore\/xstore-placeholder-1x1.png\" class=\"attachment-woocommerce_thumbnail size-woocommerce_thumbnail lazyload lazyload-simple et-lazyload-fadeIn\" alt=\"Sedum Sunsparkler &#039;Wildfire&#039;\" sizes=\"(max-width: 300px) 100vw, 300px\" data-src=\"https:\/\/jardimdapini.pt\/wp-content\/uploads\/2026\/06\/sedum-sunsparkler-wildfire-300x300.jpg\" data-srcset=\"https:\/\/jardimdapini.pt\/wp-content\/uploads\/2026\/06\/sedum-sunsparkler-wildfire-300x300.jpg 300w, https:\/\/jardimdapini.pt\/wp-content\/uploads\/2026\/06\/sedum-sunsparkler-wildfire-150x150.jpg 150w, https:\/\/jardimdapini.pt\/wp-content\/uploads\/2026\/06\/sedum-sunsparkler-wildfire-768x768.jpg 768w, https:\/\/jardimdapini.pt\/wp-content\/uploads\/2026\/06\/sedum-sunsparkler-wildfire-600x600.jpg 600w, https:\/\/jardimdapini.pt\/wp-content\/uploads\/2026\/06\/sedum-sunsparkler-wildfire-100x100.jpg 100w, https:\/\/jardimdapini.pt\/wp-content\/uploads\/2026\/06\/sedum-sunsparkler-wildfire-1x1.jpg 1w, https:\/\/jardimdapini.pt\/wp-content\/uploads\/2026\/06\/sedum-sunsparkler-wildfire-10x10.jpg 10w, https:\/\/jardimdapini.pt\/wp-content\/uploads\/2026\/06\/sedum-sunsparkler-wildfire.jpg 800w\" \/>\t\t\t\t\t\t\t\t<\/a>\n\t\t\t\t\t\t\t<\/div>\n\t\t\t\t\t\t\t<div class=\"produto-content\">\n\t\t\t\t\t\t\t\t<div class=\"produto-header\">\n\t\t\t\t\t\t\t\t\t<div class=\"produto-info\">\n\t\t\t\t\t\t\t\t\t\t<h3 class=\"produto-name\">\n\t\t\t\t\t\t\t\t\t\t\t<a href=\"https:\/\/jardimdapini.pt\/es\/product\/sedum-sunsparkler-wildfire\/\">Sedum Sunsparkler &#039;Wildfire&#039;<\/a>\n\t\t\t\t\t\t\t\t\t\t<\/h3>\n\t\t\t\t\t\t\t\t\t\t<p class=\"produto-stock in-stock\">En stock<\/p>\n\t\t\t\t\t\t\t\t\t<\/div>\n\t\t\t\t\t\t\t\t\t<div class=\"produto-price\">\n\t\t\t\t\t\t\t\t\t\t<span class=\"woocommerce-Price-amount amount\"><bdi><span class=\"woocommerce-Price-currencySymbol\" translate=\"no\">&euro;<\/span>3.50<\/bdi><\/span>\t\t\t\t\t\t\t\t\t<\/div>\n\t\t\t\t\t\t\t\t<\/div>\n\t\t\t\t\t\t\t\t\t\t\t\t\t\t\t\t\t<div class=\"produto-actions\">\n\t\t\t\t\t\t\t\t\t\t\t\t\t\t\t\t\t\t\t\t\t\t\t\t\t\t\t\t\t\t\t<a href=\"#\"\n\t\t\t\t\t\t\t\t\t\t\t   data-quantity=\"1\"\n\t\t\t\t\t\t\t\t\t\t\t   class=\"button produto-add-to-cart ajax_add_to_cart\"\n\t\t\t\t\t\t\t\t\t\t\t   data-product_id=\"72352\"\n\t\t\t\t\t\t\t\t\t\t\t   data-product_sku=\"\"\n\t\t\t\t\t\t\t\t\t\t\t   rel=\"nofollow\"\n\t\t\t\t\t\t\t\t\t\t\t   onclick=\"return false;\">\n\t\t\t\t\t\t\t\t\t\t\t   A\u00f1adir al carrito\t\t\t\t\t\t\t\t\t\t\t<\/a>\n\t\t\t\t\t\t\t\t\t\t\t\t\t\t\t\t\t\t\t<\/div>\n\t\t\t\t\t\t\t\t\t\t\t\t\t\t\t<\/div>\n\t\t\t\t\t\t<\/div>\n\t\t\t\t\t<\/div>\n\t\t\t\t\t\t\t\t\t\t\t\t\t\t\t\t\t<div class=\"swiper-slide\">\n\t\t\t\t\t\t\t<div class=\"produto-card\">\n\t\t\t\t\t\t\t<div class=\"produto-image-wrapper\">\n\t\t\t\t\t\t\t\t\t\t\t\t\t\t\t\t<a href=\"https:\/\/jardimdapini.pt\/es\/product\/graptoveria-amethorum\/\">\n\t\t\t\t\t\t\t\t\t<img decoding=\"async\" width=\"300\" height=\"300\" src=\"https:\/\/jardimdapini.pt\/wp-content\/uploads\/xstore\/xstore-placeholder-1x1.png\" class=\"attachment-woocommerce_thumbnail size-woocommerce_thumbnail lazyload lazyload-simple et-lazyload-fadeIn\" alt=\"Graptoveria Amethorum\" sizes=\"(max-width: 300px) 100vw, 300px\" data-src=\"https:\/\/jardimdapini.pt\/wp-content\/uploads\/2026\/06\/graptoveria-amethorum__-300x300.jpg\" data-srcset=\"https:\/\/jardimdapini.pt\/wp-content\/uploads\/2026\/06\/graptoveria-amethorum__-300x300.jpg 300w, https:\/\/jardimdapini.pt\/wp-content\/uploads\/2026\/06\/graptoveria-amethorum__-150x150.jpg 150w, https:\/\/jardimdapini.pt\/wp-content\/uploads\/2026\/06\/graptoveria-amethorum__-768x768.jpg 768w, https:\/\/jardimdapini.pt\/wp-content\/uploads\/2026\/06\/graptoveria-amethorum__-600x600.jpg 600w, https:\/\/jardimdapini.pt\/wp-content\/uploads\/2026\/06\/graptoveria-amethorum__-100x100.jpg 100w, https:\/\/jardimdapini.pt\/wp-content\/uploads\/2026\/06\/graptoveria-amethorum__-1x1.jpg 1w, https:\/\/jardimdapini.pt\/wp-content\/uploads\/2026\/06\/graptoveria-amethorum__-10x10.jpg 10w, https:\/\/jardimdapini.pt\/wp-content\/uploads\/2026\/06\/graptoveria-amethorum__.jpg 900w\" \/>\t\t\t\t\t\t\t\t<\/a>\n\t\t\t\t\t\t\t<\/div>\n\t\t\t\t\t\t\t<div class=\"produto-content\">\n\t\t\t\t\t\t\t\t<div class=\"produto-header\">\n\t\t\t\t\t\t\t\t\t<div class=\"produto-info\">\n\t\t\t\t\t\t\t\t\t\t<h3 class=\"produto-name\">\n\t\t\t\t\t\t\t\t\t\t\t<a href=\"https:\/\/jardimdapini.pt\/es\/product\/graptoveria-amethorum\/\">Graptoveria Amethorum<\/a>\n\t\t\t\t\t\t\t\t\t\t<\/h3>\n\t\t\t\t\t\t\t\t\t\t<p class=\"produto-stock in-stock\">En stock<\/p>\n\t\t\t\t\t\t\t\t\t<\/div>\n\t\t\t\t\t\t\t\t\t<div class=\"produto-price\">\n\t\t\t\t\t\t\t\t\t\t<span class=\"woocommerce-Price-amount amount\"><bdi><span class=\"woocommerce-Price-currencySymbol\" translate=\"no\">&euro;<\/span>3.50<\/bdi><\/span>\t\t\t\t\t\t\t\t\t<\/div>\n\t\t\t\t\t\t\t\t<\/div>\n\t\t\t\t\t\t\t\t\t\t\t\t\t\t\t\t\t<div class=\"produto-actions\">\n\t\t\t\t\t\t\t\t\t\t\t\t\t\t\t\t\t\t\t\t\t\t\t\t\t\t\t\t\t\t\t<a href=\"#\"\n\t\t\t\t\t\t\t\t\t\t\t   data-quantity=\"1\"\n\t\t\t\t\t\t\t\t\t\t\t   class=\"button produto-add-to-cart ajax_add_to_cart\"\n\t\t\t\t\t\t\t\t\t\t\t   data-product_id=\"72351\"\n\t\t\t\t\t\t\t\t\t\t\t   data-product_sku=\"\"\n\t\t\t\t\t\t\t\t\t\t\t   rel=\"nofollow\"\n\t\t\t\t\t\t\t\t\t\t\t   onclick=\"return false;\">\n\t\t\t\t\t\t\t\t\t\t\t   A\u00f1adir al carrito\t\t\t\t\t\t\t\t\t\t\t<\/a>\n\t\t\t\t\t\t\t\t\t\t\t\t\t\t\t\t\t\t\t<\/div>\n\t\t\t\t\t\t\t\t\t\t\t\t\t\t\t<\/div>\n\t\t\t\t\t\t<\/div>\n\t\t\t\t\t<\/div>\n\t\t\t\t\t\t\t\t\t\t\t\t\t\t\t\t\t<div class=\"swiper-slide\">\n\t\t\t\t\t\t\t<div class=\"produto-card\">\n\t\t\t\t\t\t\t<div class=\"produto-image-wrapper\">\n\t\t\t\t\t\t\t\t\t\t\t\t\t\t\t\t<a href=\"https:\/\/jardimdapini.pt\/es\/product\/echeveria-jade-star-variegata\/\">\n\t\t\t\t\t\t\t\t\t<img decoding=\"async\" width=\"300\" height=\"300\" src=\"https:\/\/jardimdapini.pt\/wp-content\/uploads\/xstore\/xstore-placeholder-1x1.png\" class=\"attachment-woocommerce_thumbnail size-woocommerce_thumbnail lazyload lazyload-simple et-lazyload-fadeIn\" alt=\"Echeveria Jade Star variegata\" sizes=\"(max-width: 300px) 100vw, 300px\" data-src=\"https:\/\/jardimdapini.pt\/wp-content\/uploads\/2026\/06\/Echeveria-Jade-Star--300x300.jpg\" data-srcset=\"https:\/\/jardimdapini.pt\/wp-content\/uploads\/2026\/06\/Echeveria-Jade-Star--300x300.jpg 300w, https:\/\/jardimdapini.pt\/wp-content\/uploads\/2026\/06\/Echeveria-Jade-Star--150x150.jpg 150w, https:\/\/jardimdapini.pt\/wp-content\/uploads\/2026\/06\/Echeveria-Jade-Star--768x768.jpg 768w, https:\/\/jardimdapini.pt\/wp-content\/uploads\/2026\/06\/Echeveria-Jade-Star--600x600.jpg 600w, https:\/\/jardimdapini.pt\/wp-content\/uploads\/2026\/06\/Echeveria-Jade-Star--100x100.jpg 100w, https:\/\/jardimdapini.pt\/wp-content\/uploads\/2026\/06\/Echeveria-Jade-Star--1x1.jpg 1w, https:\/\/jardimdapini.pt\/wp-content\/uploads\/2026\/06\/Echeveria-Jade-Star--10x10.jpg 10w, https:\/\/jardimdapini.pt\/wp-content\/uploads\/2026\/06\/Echeveria-Jade-Star-.jpg 900w\" \/>\t\t\t\t\t\t\t\t<\/a>\n\t\t\t\t\t\t\t<\/div>\n\t\t\t\t\t\t\t<div class=\"produto-content\">\n\t\t\t\t\t\t\t\t<div class=\"produto-header\">\n\t\t\t\t\t\t\t\t\t<div class=\"produto-info\">\n\t\t\t\t\t\t\t\t\t\t<h3 class=\"produto-name\">\n\t\t\t\t\t\t\t\t\t\t\t<a href=\"https:\/\/jardimdapini.pt\/es\/product\/echeveria-jade-star-variegata\/\">Echeveria Jade Star variegata<\/a>\n\t\t\t\t\t\t\t\t\t\t<\/h3>\n\t\t\t\t\t\t\t\t\t\t<p class=\"produto-stock out-of-stock\">Agotado<\/p>\n\t\t\t\t\t\t\t\t\t<\/div>\n\t\t\t\t\t\t\t\t\t<div class=\"produto-price\">\n\t\t\t\t\t\t\t\t\t\t<span class=\"woocommerce-Price-amount amount\"><bdi><span class=\"woocommerce-Price-currencySymbol\" translate=\"no\">&euro;<\/span>16.90<\/bdi><\/span>\t\t\t\t\t\t\t\t\t<\/div>\n\t\t\t\t\t\t\t\t<\/div>\n\t\t\t\t\t\t\t\t\t\t\t\t\t\t\t\t\t<div class=\"produto-actions\">\n\t\t\t\t\t\t\t\t\t\t\t\t\t\t\t\t\t\t\t\t\t\t\t\t\t\t\t\t\t\t\t<span class=\"button produto-add-to-cart disabled out-of-stock\" disabled>\n\t\t\t\t\t\t\t\t\t\t\t\tAgotado\t\t\t\t\t\t\t\t\t\t\t<\/span>\n\t\t\t\t\t\t\t\t\t\t\t\t\t\t\t\t\t\t\t<\/div>\n\t\t\t\t\t\t\t\t\t\t\t\t\t\t\t<\/div>\n\t\t\t\t\t\t<\/div>\n\t\t\t\t\t<\/div>\n\t\t\t\t\t\t\t\t\t\t\t\t\t\t\t\t\t<div class=\"swiper-slide\">\n\t\t\t\t\t\t\t<div class=\"produto-card\">\n\t\t\t\t\t\t\t<div class=\"produto-image-wrapper\">\n\t\t\t\t\t\t\t\t\t\t\t\t\t\t\t\t<a href=\"https:\/\/jardimdapini.pt\/es\/product\/graptoveria-silver-star-variegata\/\">\n\t\t\t\t\t\t\t\t\t<img decoding=\"async\" width=\"300\" height=\"300\" src=\"https:\/\/jardimdapini.pt\/wp-content\/uploads\/xstore\/xstore-placeholder-1x1.png\" class=\"attachment-woocommerce_thumbnail size-woocommerce_thumbnail lazyload lazyload-simple et-lazyload-fadeIn\" alt=\"Graptoveria Silver Star Variegata\" sizes=\"(max-width: 300px) 100vw, 300px\" data-src=\"https:\/\/jardimdapini.pt\/wp-content\/uploads\/2026\/06\/Graptoveria-Silver-Star-Variegata-_-300x300.jpg\" data-srcset=\"https:\/\/jardimdapini.pt\/wp-content\/uploads\/2026\/06\/Graptoveria-Silver-Star-Variegata-_-300x300.jpg 300w, https:\/\/jardimdapini.pt\/wp-content\/uploads\/2026\/06\/Graptoveria-Silver-Star-Variegata-_-150x150.jpg 150w, https:\/\/jardimdapini.pt\/wp-content\/uploads\/2026\/06\/Graptoveria-Silver-Star-Variegata-_-768x768.jpg 768w, https:\/\/jardimdapini.pt\/wp-content\/uploads\/2026\/06\/Graptoveria-Silver-Star-Variegata-_-600x600.jpg 600w, https:\/\/jardimdapini.pt\/wp-content\/uploads\/2026\/06\/Graptoveria-Silver-Star-Variegata-_-100x100.jpg 100w, https:\/\/jardimdapini.pt\/wp-content\/uploads\/2026\/06\/Graptoveria-Silver-Star-Variegata-_-1x1.jpg 1w, https:\/\/jardimdapini.pt\/wp-content\/uploads\/2026\/06\/Graptoveria-Silver-Star-Variegata-_-10x10.jpg 10w, https:\/\/jardimdapini.pt\/wp-content\/uploads\/2026\/06\/Graptoveria-Silver-Star-Variegata-_.jpg 900w\" \/>\t\t\t\t\t\t\t\t<\/a>\n\t\t\t\t\t\t\t<\/div>\n\t\t\t\t\t\t\t<div class=\"produto-content\">\n\t\t\t\t\t\t\t\t<div class=\"produto-header\">\n\t\t\t\t\t\t\t\t\t<div class=\"produto-info\">\n\t\t\t\t\t\t\t\t\t\t<h3 class=\"produto-name\">\n\t\t\t\t\t\t\t\t\t\t\t<a href=\"https:\/\/jardimdapini.pt\/es\/product\/graptoveria-silver-star-variegata\/\">Graptoveria Silver Star Variegata<\/a>\n\t\t\t\t\t\t\t\t\t\t<\/h3>\n\t\t\t\t\t\t\t\t\t\t<p class=\"produto-stock in-stock\">En stock<\/p>\n\t\t\t\t\t\t\t\t\t<\/div>\n\t\t\t\t\t\t\t\t\t<div class=\"produto-price\">\n\t\t\t\t\t\t\t\t\t\t<span class=\"woocommerce-Price-amount amount\"><bdi><span class=\"woocommerce-Price-currencySymbol\" translate=\"no\">&euro;<\/span>19.90<\/bdi><\/span>\t\t\t\t\t\t\t\t\t<\/div>\n\t\t\t\t\t\t\t\t<\/div>\n\t\t\t\t\t\t\t\t\t\t\t\t\t\t\t\t\t<div class=\"produto-actions\">\n\t\t\t\t\t\t\t\t\t\t\t\t\t\t\t\t\t\t\t\t\t\t\t\t\t\t\t\t\t\t\t<a href=\"#\"\n\t\t\t\t\t\t\t\t\t\t\t   data-quantity=\"1\"\n\t\t\t\t\t\t\t\t\t\t\t   class=\"button produto-add-to-cart ajax_add_to_cart\"\n\t\t\t\t\t\t\t\t\t\t\t   data-product_id=\"72335\"\n\t\t\t\t\t\t\t\t\t\t\t   data-product_sku=\"\"\n\t\t\t\t\t\t\t\t\t\t\t   rel=\"nofollow\"\n\t\t\t\t\t\t\t\t\t\t\t   onclick=\"return false;\">\n\t\t\t\t\t\t\t\t\t\t\t   A\u00f1adir al carrito\t\t\t\t\t\t\t\t\t\t\t<\/a>\n\t\t\t\t\t\t\t\t\t\t\t\t\t\t\t\t\t\t\t<\/div>\n\t\t\t\t\t\t\t\t\t\t\t\t\t\t\t<\/div>\n\t\t\t\t\t\t<\/div>\n\t\t\t\t\t<\/div>\n\t\t\t\t\t\t\t\t\t\t\t\t\t\t\t\t\t<div class=\"swiper-slide\">\n\t\t\t\t\t\t\t<div class=\"produto-card\">\n\t\t\t\t\t\t\t<div class=\"produto-image-wrapper\">\n\t\t\t\t\t\t\t\t\t\t\t\t\t\t\t\t<a href=\"https:\/\/jardimdapini.pt\/es\/product\/sedum-hintonii\/\">\n\t\t\t\t\t\t\t\t\t<img decoding=\"async\" width=\"300\" height=\"300\" src=\"https:\/\/jardimdapini.pt\/wp-content\/uploads\/xstore\/xstore-placeholder-1x1.png\" class=\"attachment-woocommerce_thumbnail size-woocommerce_thumbnail lazyload lazyload-simple et-lazyload-fadeIn\" alt=\"Sedum Hintonii\" sizes=\"(max-width: 300px) 100vw, 300px\" data-src=\"https:\/\/jardimdapini.pt\/wp-content\/uploads\/2026\/06\/sedum-hintonii-1-300x300.jpg\" data-srcset=\"https:\/\/jardimdapini.pt\/wp-content\/uploads\/2026\/06\/sedum-hintonii-1-300x300.jpg 300w, https:\/\/jardimdapini.pt\/wp-content\/uploads\/2026\/06\/sedum-hintonii-1-150x150.jpg 150w, https:\/\/jardimdapini.pt\/wp-content\/uploads\/2026\/06\/sedum-hintonii-1-768x768.jpg 768w, https:\/\/jardimdapini.pt\/wp-content\/uploads\/2026\/06\/sedum-hintonii-1-600x600.jpg 600w, https:\/\/jardimdapini.pt\/wp-content\/uploads\/2026\/06\/sedum-hintonii-1-100x100.jpg 100w, https:\/\/jardimdapini.pt\/wp-content\/uploads\/2026\/06\/sedum-hintonii-1-1x1.jpg 1w, https:\/\/jardimdapini.pt\/wp-content\/uploads\/2026\/06\/sedum-hintonii-1-10x10.jpg 10w, https:\/\/jardimdapini.pt\/wp-content\/uploads\/2026\/06\/sedum-hintonii-1.jpg 800w\" \/>\t\t\t\t\t\t\t\t<\/a>\n\t\t\t\t\t\t\t<\/div>\n\t\t\t\t\t\t\t<div class=\"produto-content\">\n\t\t\t\t\t\t\t\t<div class=\"produto-header\">\n\t\t\t\t\t\t\t\t\t<div class=\"produto-info\">\n\t\t\t\t\t\t\t\t\t\t<h3 class=\"produto-name\">\n\t\t\t\t\t\t\t\t\t\t\t<a href=\"https:\/\/jardimdapini.pt\/es\/product\/sedum-hintonii\/\">Sedum Hintonii<\/a>\n\t\t\t\t\t\t\t\t\t\t<\/h3>\n\t\t\t\t\t\t\t\t\t\t<p class=\"produto-stock in-stock\">En stock<\/p>\n\t\t\t\t\t\t\t\t\t<\/div>\n\t\t\t\t\t\t\t\t\t<div class=\"produto-price\">\n\t\t\t\t\t\t\t\t\t\t<span class=\"woocommerce-Price-amount amount\"><bdi><span class=\"woocommerce-Price-currencySymbol\" translate=\"no\">&euro;<\/span>2.90<\/bdi><\/span>\t\t\t\t\t\t\t\t\t<\/div>\n\t\t\t\t\t\t\t\t<\/div>\n\t\t\t\t\t\t\t\t\t\t\t\t\t\t\t\t\t<div class=\"produto-actions\">\n\t\t\t\t\t\t\t\t\t\t\t\t\t\t\t\t\t\t\t\t\t\t\t\t\t\t\t\t\t\t\t<a href=\"#\"\n\t\t\t\t\t\t\t\t\t\t\t   data-quantity=\"1\"\n\t\t\t\t\t\t\t\t\t\t\t   class=\"button produto-add-to-cart ajax_add_to_cart\"\n\t\t\t\t\t\t\t\t\t\t\t   data-product_id=\"72332\"\n\t\t\t\t\t\t\t\t\t\t\t   data-product_sku=\"\"\n\t\t\t\t\t\t\t\t\t\t\t   rel=\"nofollow\"\n\t\t\t\t\t\t\t\t\t\t\t   onclick=\"return false;\">\n\t\t\t\t\t\t\t\t\t\t\t   A\u00f1adir al carrito\t\t\t\t\t\t\t\t\t\t\t<\/a>\n\t\t\t\t\t\t\t\t\t\t\t\t\t\t\t\t\t\t\t<\/div>\n\t\t\t\t\t\t\t\t\t\t\t\t\t\t\t<\/div>\n\t\t\t\t\t\t<\/div>\n\t\t\t\t\t<\/div>\n\t\t\t\t\t\t\t\t\t\t\t\t\t\t\t\t\t<div class=\"swiper-slide\">\n\t\t\t\t\t\t\t<div class=\"produto-card\">\n\t\t\t\t\t\t\t<div class=\"produto-image-wrapper\">\n\t\t\t\t\t\t\t\t\t\t\t\t\t\t\t\t<a href=\"https:\/\/jardimdapini.pt\/es\/product\/senecio-herreianus-purple-flush-variegata\/\">\n\t\t\t\t\t\t\t\t\t<img decoding=\"async\" width=\"300\" height=\"300\" src=\"https:\/\/jardimdapini.pt\/wp-content\/uploads\/xstore\/xstore-placeholder-1x1.png\" class=\"attachment-woocommerce_thumbnail size-woocommerce_thumbnail lazyload lazyload-simple et-lazyload-fadeIn\" alt=\"Senecio Herreianus Purple-flush variegata\" sizes=\"(max-width: 300px) 100vw, 300px\" data-src=\"https:\/\/jardimdapini.pt\/wp-content\/uploads\/2026\/06\/senecio-herreianus-purple-flush-variegata-300x300.jpg\" data-srcset=\"https:\/\/jardimdapini.pt\/wp-content\/uploads\/2026\/06\/senecio-herreianus-purple-flush-variegata-300x300.jpg 300w, https:\/\/jardimdapini.pt\/wp-content\/uploads\/2026\/06\/senecio-herreianus-purple-flush-variegata-150x150.jpg 150w, https:\/\/jardimdapini.pt\/wp-content\/uploads\/2026\/06\/senecio-herreianus-purple-flush-variegata-768x768.jpg 768w, https:\/\/jardimdapini.pt\/wp-content\/uploads\/2026\/06\/senecio-herreianus-purple-flush-variegata-600x600.jpg 600w, https:\/\/jardimdapini.pt\/wp-content\/uploads\/2026\/06\/senecio-herreianus-purple-flush-variegata-100x100.jpg 100w, https:\/\/jardimdapini.pt\/wp-content\/uploads\/2026\/06\/senecio-herreianus-purple-flush-variegata-1x1.jpg 1w, https:\/\/jardimdapini.pt\/wp-content\/uploads\/2026\/06\/senecio-herreianus-purple-flush-variegata-10x10.jpg 10w, https:\/\/jardimdapini.pt\/wp-content\/uploads\/2026\/06\/senecio-herreianus-purple-flush-variegata.jpg 950w\" \/>\t\t\t\t\t\t\t\t<\/a>\n\t\t\t\t\t\t\t<\/div>\n\t\t\t\t\t\t\t<div class=\"produto-content\">\n\t\t\t\t\t\t\t\t<div class=\"produto-header\">\n\t\t\t\t\t\t\t\t\t<div class=\"produto-info\">\n\t\t\t\t\t\t\t\t\t\t<h3 class=\"produto-name\">\n\t\t\t\t\t\t\t\t\t\t\t<a href=\"https:\/\/jardimdapini.pt\/es\/product\/senecio-herreianus-purple-flush-variegata\/\">Senecio Herreianus Purple-flush variegata<\/a>\n\t\t\t\t\t\t\t\t\t\t<\/h3>\n\t\t\t\t\t\t\t\t\t\t<p class=\"produto-stock out-of-stock\">Agotado<\/p>\n\t\t\t\t\t\t\t\t\t<\/div>\n\t\t\t\t\t\t\t\t\t<div class=\"produto-price\">\n\t\t\t\t\t\t\t\t\t\t<span class=\"woocommerce-Price-amount amount\"><bdi><span class=\"woocommerce-Price-currencySymbol\" translate=\"no\">&euro;<\/span>7.90<\/bdi><\/span>\t\t\t\t\t\t\t\t\t<\/div>\n\t\t\t\t\t\t\t\t<\/div>\n\t\t\t\t\t\t\t\t\t\t\t\t\t\t\t\t\t<div class=\"produto-actions\">\n\t\t\t\t\t\t\t\t\t\t\t\t\t\t\t\t\t\t\t\t\t\t\t\t\t\t\t\t\t\t\t<span class=\"button produto-add-to-cart disabled out-of-stock\" disabled>\n\t\t\t\t\t\t\t\t\t\t\t\tAgotado\t\t\t\t\t\t\t\t\t\t\t<\/span>\n\t\t\t\t\t\t\t\t\t\t\t\t\t\t\t\t\t\t\t<\/div>\n\t\t\t\t\t\t\t\t\t\t\t\t\t\t\t<\/div>\n\t\t\t\t\t\t<\/div>\n\t\t\t\t\t<\/div>\n\t\t\t\t\t\t\t\t\t\t\t\t\t\t\t\t\t<div class=\"swiper-slide\">\n\t\t\t\t\t\t\t<div class=\"produto-card\">\n\t\t\t\t\t\t\t<div class=\"produto-image-wrapper\">\n\t\t\t\t\t\t\t\t\t\t\t\t\t\t\t\t<a href=\"https:\/\/jardimdapini.pt\/es\/product\/echeveria-pushke\/\">\n\t\t\t\t\t\t\t\t\t<img decoding=\"async\" width=\"300\" height=\"300\" src=\"https:\/\/jardimdapini.pt\/wp-content\/uploads\/xstore\/xstore-placeholder-1x1.png\" class=\"attachment-woocommerce_thumbnail size-woocommerce_thumbnail lazyload lazyload-simple et-lazyload-fadeIn\" alt=\"Echeveria Pushke\" sizes=\"(max-width: 300px) 100vw, 300px\" data-src=\"https:\/\/jardimdapini.pt\/wp-content\/uploads\/2026\/06\/echeveria-pushke_Rare-Korean-300x300.jpg\" data-srcset=\"https:\/\/jardimdapini.pt\/wp-content\/uploads\/2026\/06\/echeveria-pushke_Rare-Korean-300x300.jpg 300w, https:\/\/jardimdapini.pt\/wp-content\/uploads\/2026\/06\/echeveria-pushke_Rare-Korean-150x150.jpg 150w, https:\/\/jardimdapini.pt\/wp-content\/uploads\/2026\/06\/echeveria-pushke_Rare-Korean-768x768.jpg 768w, https:\/\/jardimdapini.pt\/wp-content\/uploads\/2026\/06\/echeveria-pushke_Rare-Korean-600x600.jpg 600w, https:\/\/jardimdapini.pt\/wp-content\/uploads\/2026\/06\/echeveria-pushke_Rare-Korean-100x100.jpg 100w, https:\/\/jardimdapini.pt\/wp-content\/uploads\/2026\/06\/echeveria-pushke_Rare-Korean-1x1.jpg 1w, https:\/\/jardimdapini.pt\/wp-content\/uploads\/2026\/06\/echeveria-pushke_Rare-Korean-10x10.jpg 10w, https:\/\/jardimdapini.pt\/wp-content\/uploads\/2026\/06\/echeveria-pushke_Rare-Korean.jpg 900w\" \/>\t\t\t\t\t\t\t\t<\/a>\n\t\t\t\t\t\t\t<\/div>\n\t\t\t\t\t\t\t<div class=\"produto-content\">\n\t\t\t\t\t\t\t\t<div class=\"produto-header\">\n\t\t\t\t\t\t\t\t\t<div class=\"produto-info\">\n\t\t\t\t\t\t\t\t\t\t<h3 class=\"produto-name\">\n\t\t\t\t\t\t\t\t\t\t\t<a href=\"https:\/\/jardimdapini.pt\/es\/product\/echeveria-pushke\/\">Echeveria Pushke<\/a>\n\t\t\t\t\t\t\t\t\t\t<\/h3>\n\t\t\t\t\t\t\t\t\t\t<p class=\"produto-stock in-stock\">En stock<\/p>\n\t\t\t\t\t\t\t\t\t<\/div>\n\t\t\t\t\t\t\t\t\t<div class=\"produto-price\">\n\t\t\t\t\t\t\t\t\t\t<span class=\"woocommerce-Price-amount amount\"><bdi><span class=\"woocommerce-Price-currencySymbol\" translate=\"no\">&euro;<\/span>5.90<\/bdi><\/span>\t\t\t\t\t\t\t\t\t<\/div>\n\t\t\t\t\t\t\t\t<\/div>\n\t\t\t\t\t\t\t\t\t\t\t\t\t\t\t\t\t<div class=\"produto-actions\">\n\t\t\t\t\t\t\t\t\t\t\t\t\t\t\t\t\t\t\t\t\t\t\t\t\t\t\t\t\t\t\t<a href=\"#\"\n\t\t\t\t\t\t\t\t\t\t\t   data-quantity=\"1\"\n\t\t\t\t\t\t\t\t\t\t\t   class=\"button produto-add-to-cart ajax_add_to_cart\"\n\t\t\t\t\t\t\t\t\t\t\t   data-product_id=\"72328\"\n\t\t\t\t\t\t\t\t\t\t\t   data-product_sku=\"\"\n\t\t\t\t\t\t\t\t\t\t\t   rel=\"nofollow\"\n\t\t\t\t\t\t\t\t\t\t\t   onclick=\"return false;\">\n\t\t\t\t\t\t\t\t\t\t\t   A\u00f1adir al carrito\t\t\t\t\t\t\t\t\t\t\t<\/a>\n\t\t\t\t\t\t\t\t\t\t\t\t\t\t\t\t\t\t\t<\/div>\n\t\t\t\t\t\t\t\t\t\t\t\t\t\t\t<\/div>\n\t\t\t\t\t\t<\/div>\n\t\t\t\t\t<\/div>\n\t\t\t\t\t\t\t\t\t\t\t\t\t\t\t\t\t<div class=\"swiper-slide\">\n\t\t\t\t\t\t\t<div class=\"produto-card\">\n\t\t\t\t\t\t\t<div class=\"produto-image-wrapper\">\n\t\t\t\t\t\t\t\t\t\t\t\t\t\t\t\t<a href=\"https:\/\/jardimdapini.pt\/es\/product\/crassula-volkensii-variegata\/\">\n\t\t\t\t\t\t\t\t\t<img decoding=\"async\" width=\"300\" height=\"300\" src=\"https:\/\/jardimdapini.pt\/wp-content\/uploads\/xstore\/xstore-placeholder-1x1.png\" class=\"attachment-woocommerce_thumbnail size-woocommerce_thumbnail lazyload lazyload-simple et-lazyload-fadeIn\" alt=\"Crassula Volkensii variegata\" sizes=\"(max-width: 300px) 100vw, 300px\" data-src=\"https:\/\/jardimdapini.pt\/wp-content\/uploads\/2026\/06\/crassula-volkensii-\u2018variegata-300x300.jpg\" data-srcset=\"https:\/\/jardimdapini.pt\/wp-content\/uploads\/2026\/06\/crassula-volkensii-\u2018variegata-300x300.jpg 300w, https:\/\/jardimdapini.pt\/wp-content\/uploads\/2026\/06\/crassula-volkensii-\u2018variegata-150x150.jpg 150w, https:\/\/jardimdapini.pt\/wp-content\/uploads\/2026\/06\/crassula-volkensii-\u2018variegata-768x768.jpg 768w, https:\/\/jardimdapini.pt\/wp-content\/uploads\/2026\/06\/crassula-volkensii-\u2018variegata-600x600.jpg 600w, https:\/\/jardimdapini.pt\/wp-content\/uploads\/2026\/06\/crassula-volkensii-\u2018variegata-100x100.jpg 100w, https:\/\/jardimdapini.pt\/wp-content\/uploads\/2026\/06\/crassula-volkensii-\u2018variegata-1x1.jpg 1w, https:\/\/jardimdapini.pt\/wp-content\/uploads\/2026\/06\/crassula-volkensii-\u2018variegata-10x10.jpg 10w, https:\/\/jardimdapini.pt\/wp-content\/uploads\/2026\/06\/crassula-volkensii-\u2018variegata.jpg 900w\" \/>\t\t\t\t\t\t\t\t<\/a>\n\t\t\t\t\t\t\t<\/div>\n\t\t\t\t\t\t\t<div class=\"produto-content\">\n\t\t\t\t\t\t\t\t<div class=\"produto-header\">\n\t\t\t\t\t\t\t\t\t<div class=\"produto-info\">\n\t\t\t\t\t\t\t\t\t\t<h3 class=\"produto-name\">\n\t\t\t\t\t\t\t\t\t\t\t<a href=\"https:\/\/jardimdapini.pt\/es\/product\/crassula-volkensii-variegata\/\">Crassula Volkensii variegata<\/a>\n\t\t\t\t\t\t\t\t\t\t<\/h3>\n\t\t\t\t\t\t\t\t\t\t<p class=\"produto-stock out-of-stock\">Agotado<\/p>\n\t\t\t\t\t\t\t\t\t<\/div>\n\t\t\t\t\t\t\t\t\t<div class=\"produto-price\">\n\t\t\t\t\t\t\t\t\t\t<span class=\"woocommerce-Price-amount amount\"><bdi><span class=\"woocommerce-Price-currencySymbol\" translate=\"no\">&euro;<\/span>3.90<\/bdi><\/span>\t\t\t\t\t\t\t\t\t<\/div>\n\t\t\t\t\t\t\t\t<\/div>\n\t\t\t\t\t\t\t\t\t\t\t\t\t\t\t\t\t<div class=\"produto-actions\">\n\t\t\t\t\t\t\t\t\t\t\t\t\t\t\t\t\t\t\t\t\t\t\t\t\t\t\t\t\t\t\t<span class=\"button produto-add-to-cart disabled out-of-stock\" disabled>\n\t\t\t\t\t\t\t\t\t\t\t\tAgotado\t\t\t\t\t\t\t\t\t\t\t<\/span>\n\t\t\t\t\t\t\t\t\t\t\t\t\t\t\t\t\t\t\t<\/div>\n\t\t\t\t\t\t\t\t\t\t\t\t\t\t\t<\/div>\n\t\t\t\t\t\t<\/div>\n\t\t\t\t\t<\/div>\n\t\t\t\t\t\t\t\t\t\t\t\t\t\t<\/div>\n\t\t\t<\/div>\n\t\t\t\n\t\t\t<div class=\"produtos-recentes-navigation\">\n\t\t\t\t<div class=\"swiper-pagination produtos-recentes-pagination\"><\/div>\n\t\t\t\t<div class=\"produtos-recentes-arrows\">\n\t\t\t\t\t<button class=\"swiper-button-prev produtos-recentes-arrow-prev\" aria-label=\"Anterior\">\n\t\t\t\t\t\t<svg xmlns=\"http:\/\/www.w3.org\/2000\/svg\" width=\"24\" height=\"24\" viewBox=\"0 0 24 24\" fill=\"none\">\n\t\t\t\t\t\t\t<path d=\"M7.09502 12.8518L12.5968 18.3533C12.7668 18.5236 12.8527 18.7236 12.8545 18.9533C12.8565 19.1829 12.7726 19.3836 12.6028 19.5553C12.4328 19.7274 12.2322 19.8125 12.001 19.8105C11.7699 19.8085 11.5686 19.7226 11.3973 19.5528L4.44727 12.6028C4.35627 12.5108 4.29011 12.4151 4.24877 12.3158C4.20727 12.2163 4.18652 12.1108 4.18652 11.9993C4.18652 11.8878 4.20727 11.7825 4.24877 11.6835C4.29011 11.5844 4.35627 11.4889 4.44727 11.3973L11.4033 4.44127C11.5791 4.27144 11.7805 4.18652 12.0075 4.18652C12.2344 4.18652 12.4328 4.27144 12.6028 4.44127C12.7726 4.61527 12.8575 4.81602 12.8575 5.04352C12.8575 5.27119 12.7726 5.47027 12.6028 5.64077L7.09502 11.1483H19.2978C19.5419 11.1483 19.7459 11.2291 19.9098 11.3908C20.0736 11.5524 20.1555 11.7555 20.1555 12C20.1555 12.2445 20.0736 12.4476 19.9098 12.6093C19.7459 12.7709 19.5419 12.8518 19.2978 12.8518H7.09502Z\" f\/>\n\t\t\t\t\t\t<\/svg>\n\t\t\t\t\t<\/button>\n\t\t\t\t\t<button class=\"swiper-button-next produtos-recentes-arrow-next\" aria-label=\"Pr\u00f3ximo\">\n\t\t\t\t\t\t<svg xmlns=\"http:\/\/www.w3.org\/2000\/svg\" width=\"24\" height=\"24\" viewBox=\"0 0 24 24\" fill=\"none\">\n\t\t\t\t\t\t\t<path d=\"M16.9051 12.8517H4.70234C4.45767 12.8517 4.25459 12.7709 4.09309 12.6092C3.93142 12.4476 3.85059 12.2445 3.85059 12C3.85059 11.7555 3.93142 11.5524 4.09309 11.3907C4.25459 11.2291 4.45767 11.1482 4.70234 11.1482H16.9051L11.4033 5.64674C11.2333 5.47674 11.1473 5.27649 11.1451 5.04599C11.1428 4.81532 11.2267 4.61457 11.3968 4.44374C11.5672 4.27224 11.7679 4.18749 11.9991 4.18949C12.2303 4.19149 12.4315 4.2774 12.6028 4.44724L19.5528 11.3972C19.6438 11.4892 19.71 11.5849 19.7513 11.6842C19.7928 11.7837 19.8136 11.8892 19.8136 12.0007C19.8136 12.1122 19.7928 12.2175 19.7513 12.3165C19.71 12.4157 19.6438 12.5111 19.5528 12.6027L12.5968 19.5527C12.421 19.7266 12.2196 19.8135 11.9926 19.8135C11.7658 19.8135 11.5673 19.7261 11.3973 19.5512C11.2275 19.3811 11.1426 19.1823 11.1426 18.955C11.1426 18.7278 11.2275 18.5292 11.3973 18.3592L16.9051 12.8517Z\" \/>\n\t\t\t\t\t\t<\/svg>\n\t\t\t\t\t<\/button>\n\t\t\t\t<\/div>\n\t\t\t<\/div>\n\t\t<\/div>\n\t\t<\/div>\n\t<\/section>\n\t[\/vc_column][\/vc_row][\/vc_section][vc_section full_width=&#8221;stretch_row_content&#8221; css=&#8221;.vc_custom_1765379123714{background-color: #FAEFE9 !important;}&#8221; _et_uniqid=&#8221;et_custom_uniqid_new_69398c2476e6b&#8221;][vc_row][vc_column]\t\n\t<section class=\"text-section text-section-vertical\">\n\t\t<div class=\"text-section-container\">\n\t\t\t\t\t\t\t<!-- Vertical Layout: Centered Stack -->\n\t\t\t\t<div class=\"text-section-content-vertical\">\n\t\t\t\t\t\t\t\t\t\t\n\t\t\t\t\t<div class=\"text-section-text-content\">\n\t\t\t\t\t\t\t\t\t\t\t\t\t<h2 class=\"text-section-title h1\">Confianza comprobada por los clientes<\/h2>\n\t\t\t\t\t\t\t\t\t\t\t\t\n\t\t\t\t\t\t\t\t\t\t\t\t\t<p class=\"text-section-description\">Cliente satisfecho, misi\u00f3n cumplida.<\/p>\n\t\t\t\t\t\t\t\t\t\t\t<\/div>\n\t\t\t\t<\/div>\n\t\t\t\t\t<\/div>\n\t<\/section>\n\t\n\t[vc_raw_html css=&#8221;&#8221;]JTVCZ3J3JTIwaWQlM0Q2NjM2NiU1RA==[\/vc_raw_html][\/vc_column][\/vc_row][\/vc_section]<\/p>\n<\/div>","protected":false},"excerpt":{"rendered":"","protected":false},"author":3226,"featured_media":0,"parent":0,"menu_order":0,"comment_status":"closed","ping_status":"closed","template":"","meta":{"footnotes":""},"class_list":["post-69110","page","type-page","status-publish","hentry"],"_links":{"self":[{"href":"https:\/\/jardimdapini.pt\/es\/wp-json\/wp\/v2\/pages\/69110","targetHints":{"allow":["GET"]}}],"collection":[{"href":"https:\/\/jardimdapini.pt\/es\/wp-json\/wp\/v2\/pages"}],"about":[{"href":"https:\/\/jardimdapini.pt\/es\/wp-json\/wp\/v2\/types\/page"}],"author":[{"embeddable":true,"href":"https:\/\/jardimdapini.pt\/es\/wp-json\/wp\/v2\/users\/3226"}],"replies":[{"embeddable":true,"href":"https:\/\/jardimdapini.pt\/es\/wp-json\/wp\/v2\/comments?post=69110"}],"version-history":[{"count":1,"href":"https:\/\/jardimdapini.pt\/es\/wp-json\/wp\/v2\/pages\/69110\/revisions"}],"predecessor-version":[{"id":69116,"href":"https:\/\/jardimdapini.pt\/es\/wp-json\/wp\/v2\/pages\/69110\/revisions\/69116"}],"wp:attachment":[{"href":"https:\/\/jardimdapini.pt\/es\/wp-json\/wp\/v2\/media?parent=69110"}],"curies":[{"name":"wp","href":"https:\/\/api.w.org\/{rel}","templated":true}]}}