{"id":70121,"date":"2026-01-08T11:02:14","date_gmt":"2026-01-08T10:02:14","guid":{"rendered":"https:\/\/jardimdapini.pt\/product\/echeveria-atlantis-variegata\/"},"modified":"2026-03-09T12:47:37","modified_gmt":"2026-03-09T11:47:37","slug":"echeveria-atlantis-variegata","status":"publish","type":"product","link":"https:\/\/jardimdapini.pt\/de\/produkt\/echeveria-atlantis-variegata\/","title":{"rendered":"Echeveria Atlantis variegata"},"content":{"rendered":"<div id=\"model-response-message-contentr_753570ca33168777\" class=\"markdown markdown-main-panel stronger enable-updated-hr-color\" dir=\"ltr\" aria-live=\"polite\" aria-busy=\"false\">\n<h2 data-path-to-node=\"2\"><b data-path-to-node=\"2\" data-index-in-node=\"0\">Echeveria &#8216;Atlantis&#8217; Variegata: Der Schatz des Ozeans<\/b><\/h2>\n<p data-path-to-node=\"3\">Lernen Sie die <b data-path-to-node=\"3\" data-index-in-node=\"10\">Echeveria &#8216;Atlantis&#8217; Variegata<\/b> kennen, eine seltene und visuell beeindruckende Pflanze, bei der die klassische Geometrie der Echeverien mit einem Kontrast aus leuchtenden Farben verschmilzt, die an tropisches Wasser und wei\u00dfen Sand erinnern.<\/p>\n<h3 data-path-to-node=\"4\"><b data-path-to-node=\"4\" data-index-in-node=\"0\">Merkmale:<\/b><\/h3>\n<ul data-path-to-node=\"5\">\n<li>\n<p data-path-to-node=\"5,0,0\"><b data-path-to-node=\"5,0,0\" data-index-in-node=\"0\">Kontrastreiche Panaschierung:<\/b> Das Highlight sind die zart blaugr\u00fcnen Bl\u00e4tter in der Mitte, die von breiten R\u00e4ndern in einem sehr klaren <b data-path-to-node=\"5,0,0\" data-index-in-node=\"140\">Cremegelb oder Elfenbein<\/b> umrahmt werden. Diese Aufteilung der Farben verleiht ihm seine besondere Brillanz. <\/p>\n<\/li>\n<li>\n<p data-path-to-node=\"5,1,0\"><b data-path-to-node=\"5,1,0\" data-index-in-node=\"0\">Gewelltes Laub:<\/b> Die Bl\u00e4tter sind breit, fleischig und leicht konkav. Die R\u00e4nder k\u00f6nnen eine leichte Kr\u00e4uselung aufweisen, die an die Bewegung der Meereswellen oder an die Bl\u00fctenbl\u00e4tter einer exotischen Blume erinnert.<\/p>\n<\/li>\n<li>\n<p data-path-to-node=\"5,2,0\"><b data-path-to-node=\"5,2,0\" data-index-in-node=\"0\">Pinker Akzent:<\/b> Unter m\u00e4\u00dfiger Belastung (direkte Sonne oder niedrige Temperaturen) k\u00f6nnen cremefarbene R\u00e4nder zarte <b data-path-to-node=\"5,2,0\" data-index-in-node=\"129\">Pink- oder Pfirsicht\u00f6ne<\/b> annehmen und Ihrer Farbpalette eine dritte Dimension hinzuf\u00fcgen.<\/p>\n<\/li>\n<\/ul>\n<h3 data-path-to-node=\"6\"><b data-path-to-node=\"6\" data-index-in-node=\"0\">Pflege:<\/b><\/h3>\n<p data-path-to-node=\"7\">Aufgrund des Mangels an Chlorophyll in den hellen Teilen erfordert die &#8216;Atlantis&#8217; Variegata ein sorgf\u00e4ltiges Gleichgewicht bei der Pflege.<\/p>\n<ul data-path-to-node=\"8\">\n<li>\n<p data-path-to-node=\"8,0,0\"><b data-path-to-node=\"8,0,0\" data-index-in-node=\"0\">Gie\u00dfen:<\/b> Gie\u00dfen Sie nur m\u00e4\u00dfig, wenn der Boden v\u00f6llig trocken ist.<\/p>\n<\/li>\n<li>\n<p data-path-to-node=\"8,1,0\"><b data-path-to-node=\"8,1,0\" data-index-in-node=\"0\">&#x2600;&#xfe0f; Beleuchtung:<\/b> Bevorzugt <b data-path-to-node=\"8,1,0\" data-index-in-node=\"23\">gefiltertes direktes Sonnenlicht<\/b> oder volle Morgensonne. Obwohl sie viel Licht braucht, um ihre lebendige Farbe zu erhalten, k\u00f6nnen die hellen Teile des Blattes in der sengenden Mittagssonne im Sommer verbrennen. <\/p>\n<\/li>\n<li>\n<p data-path-to-node=\"8,2,0\"><b data-path-to-node=\"8,2,0\" data-index-in-node=\"0\">Erde:<\/b> Sie ben\u00f6tigen ein hochwertiges Sukkulentensubstrat, das sehr por\u00f6s ist und schnell abflie\u00dft, um ein gesundes Wurzelsystem zu erhalten.<\/p>\n<\/li>\n<\/ul>\n<\/div>\n","protected":false},"excerpt":{"rendered":"<p>Echeveria Atlantis variegata<\/p>\n<p>Vase 10,5<\/p>\n<p>Herkunft: Baumschule<\/p>\n","protected":false},"featured_media":68917,"comment_status":"open","ping_status":"closed","template":"","meta":[],"etheme_brands":[],"product_brand":[],"product_cat":[196,301,208],"product_tag":[],"class_list":["post-70121","product","type-product","status-publish","has-post-thumbnail","product_cat-sukkulenten","product_cat-echeveria-de","product_cat-variegata-sukkulenten","first","instock","taxable","shipping-taxable","purchasable","product-type-simple"],"_links":{"self":[{"href":"https:\/\/jardimdapini.pt\/de\/wp-json\/wp\/v2\/product\/70121","targetHints":{"allow":["GET"]}}],"collection":[{"href":"https:\/\/jardimdapini.pt\/de\/wp-json\/wp\/v2\/product"}],"about":[{"href":"https:\/\/jardimdapini.pt\/de\/wp-json\/wp\/v2\/types\/product"}],"replies":[{"embeddable":true,"href":"https:\/\/jardimdapini.pt\/de\/wp-json\/wp\/v2\/comments?post=70121"}],"wp:featuredmedia":[{"embeddable":true,"href":"https:\/\/jardimdapini.pt\/de\/wp-json\/wp\/v2\/media\/68917"}],"wp:attachment":[{"href":"https:\/\/jardimdapini.pt\/de\/wp-json\/wp\/v2\/media?parent=70121"}],"wp:term":[{"taxonomy":"brand","embeddable":true,"href":"https:\/\/jardimdapini.pt\/de\/wp-json\/wp\/v2\/etheme_brands?post=70121"},{"taxonomy":"product_brand","embeddable":true,"href":"https:\/\/jardimdapini.pt\/de\/wp-json\/wp\/v2\/product_brand?post=70121"},{"taxonomy":"product_cat","embeddable":true,"href":"https:\/\/jardimdapini.pt\/de\/wp-json\/wp\/v2\/product_cat?post=70121"},{"taxonomy":"product_tag","embeddable":true,"href":"https:\/\/jardimdapini.pt\/de\/wp-json\/wp\/v2\/product_tag?post=70121"}],"curies":[{"name":"wp","href":"https:\/\/api.w.org\/{rel}","templated":true}]}}