{"id":67588,"date":"2025-10-15T10:27:12","date_gmt":"2025-10-15T09:27:12","guid":{"rendered":"https:\/\/jardimdapini.pt\/product\/echeveria-dark-ice\/"},"modified":"2026-09-02T20:11:00","modified_gmt":"2026-09-02T19:11:00","slug":"echeveria-dark-ice","status":"publish","type":"product","link":"https:\/\/jardimdapini.pt\/de\/produkt\/echeveria-dark-ice\/","title":{"rendered":"Echeveria Dark-Ice"},"content":{"rendered":"<h2>Echeveria Dunkles Eis<\/h2>\n<p>&nbsp;<\/p>\n<p><b>Echeveria Dark Ice <\/b>ist eine leuchtend farbige Sukkulente, ideal f\u00fcr Sammler und Liebhaber von Pflanzen, die auffallen. Ihr Name bezieht sich auf den dramatischen Kontrast zwischen dem blaugrauen Zentrum (&#8220;Ice&#8221;) und den dunklen, r\u00f6tlichen R\u00e4ndern (&#8220;Dark&#8221;). <\/p>\n<p>&nbsp;<\/p>\n<h3>Ornamentale Merkmale<\/h3>\n<p>&nbsp;<\/p>\n<ul>\n<li><b>Form:<\/b> Bildet kompakte, symmetrische Rosetten von mittlerer Gr\u00f6\u00dfe.<\/li>\n<li><b>Laub:<\/b> Sie hat fleischige, l\u00f6ffelf\u00f6rmige Bl\u00e4tter, die mit einer <b>d\u00fcnnen Schicht aus Bl\u00fcte<\/b> (einem nat\u00fcrlichen wei\u00dfen Pulver) \u00fcberzogen sind, die ihnen eine samtige Textur und eine <b>blau-graue oder blau-gr\u00fcne<\/b> Grundfarbe verleiht.<\/li>\n<li><b>Dark Ice&#8221;-F\u00e4rbung:<\/b> Das auff\u00e4lligste Merkmal ist die intensive Farbe. Wenn die Bl\u00e4tter der vollen Sonne oder k\u00fchleren Temperaturen ausgesetzt werden (so genannter &#8220;kontrollierter Stress&#8221;), f\u00e4rben sich die R\u00e4nder und Spitzen der Bl\u00e4tter <b>tiefviolett, dunkelrot oder fast schwarz<\/b>, was einen faszinierenden Kontrast zum helleren Zentrum bildet. <\/li>\n<\/ul>\n<p>&nbsp;<\/p>\n<h3>Pflege und Anbau<\/h3>\n<p>&nbsp;<\/p>\n<ul>\n<li><b>Licht:<\/b> Ben\u00f6tigt <b>volle Sonne oder sehr helles indirektes Licht<\/b>, um die kompakte Form der Rosette zu erhalten und die violette\/rote F\u00e4rbung an den Blattr\u00e4ndern zu intensivieren. Lichtmangel kann zu Stiolierung (l\u00e4ngliches und schwaches Wachstum) f\u00fchren. <\/li>\n<li><b>Bew\u00e4sserung:<\/b> Es gilt die Methode<i>&#8220;einweichen und<\/i> trocknen&#8221;. Gie\u00dfen Sie ausgiebig, aber erst, wenn das Substrat <b>vollst\u00e4ndig trocken<\/b> ist. <\/li>\n<li><b>Substrat:<\/b> Verwenden Sie ein sehr por\u00f6ses Substrat mit <b>ausgezeichneter Drainage<\/b>, speziell f\u00fcr Kakteen und Sukkulenten.<\/li>\n<li><b>Temperatur:<\/b> Passt sich gut an milde Temperaturen an. Sie sollte vor Frost und Temperaturen unter 2\u00b0C gesch\u00fctzt werden.<span class=\"math-inline\"><br \/>\n  <span class=\"katex\"><br \/>\n    <span class=\"katex-html\" aria-hidden=\"true\"><br \/>\n      <span class=\"base\"><br \/>\n        <span class=\"mord\"><br \/>\n          <span class=\"msupsub\"><br \/>\n            <span class=\"vlist-t\"><br \/>\n              <span class=\"vlist-r\"><br \/>\n                <span class=\"vlist\"><br \/>\n                  <span class=\"\"><br \/>\n                    <span class=\"sizing reset-size6 size3 mtight\"><br \/>\n                      <span class=\"mbin mtight\">\u2218<\/span><br \/>\n                    <\/span><br \/>\n                  <\/span><br \/>\n                <\/span><br \/>\n              <\/span><br \/>\n            <\/span><br \/>\n          <\/span><br \/>\n        <\/span><br \/>\n        <span class=\"mord text\"><br \/>\n          <span class=\"mord\">C<\/span><br \/>\n        <\/span><br \/>\n      <\/span><br \/>\n    <\/span><br \/>\n  <\/span><br \/>\n<\/span>. <\/li>\n<li><b>Vermehrung:<\/b> Relativ einfach durch Blattstecklinge und Ableger zu vermehren.<\/li>\n<\/ul>\n","protected":false},"excerpt":{"rendered":"<p>Echeveria Dark-Ice<\/p>\n<p>Vase 5.5<\/p>\n<p>Herkunft: S\u00fcdkorea\/Hybrid<\/p>\n","protected":false},"featured_media":67472,"comment_status":"open","ping_status":"closed","template":"","meta":[],"etheme_brands":[],"product_brand":[],"product_cat":[301,200,328,196],"product_tag":[],"class_list":["post-67588","product","type-product","status-publish","has-post-thumbnail","product_cat-echeveria-de","product_cat-koreanische-sukkulenten","product_cat-sammler-spot","product_cat-sukkulenten","first","instock","taxable","shipping-taxable","purchasable","product-type-simple"],"_links":{"self":[{"href":"https:\/\/jardimdapini.pt\/de\/wp-json\/wp\/v2\/product\/67588","targetHints":{"allow":["GET"]}}],"collection":[{"href":"https:\/\/jardimdapini.pt\/de\/wp-json\/wp\/v2\/product"}],"about":[{"href":"https:\/\/jardimdapini.pt\/de\/wp-json\/wp\/v2\/types\/product"}],"replies":[{"embeddable":true,"href":"https:\/\/jardimdapini.pt\/de\/wp-json\/wp\/v2\/comments?post=67588"}],"wp:featuredmedia":[{"embeddable":true,"href":"https:\/\/jardimdapini.pt\/de\/wp-json\/wp\/v2\/media\/67472"}],"wp:attachment":[{"href":"https:\/\/jardimdapini.pt\/de\/wp-json\/wp\/v2\/media?parent=67588"}],"wp:term":[{"taxonomy":"brand","embeddable":true,"href":"https:\/\/jardimdapini.pt\/de\/wp-json\/wp\/v2\/etheme_brands?post=67588"},{"taxonomy":"product_brand","embeddable":true,"href":"https:\/\/jardimdapini.pt\/de\/wp-json\/wp\/v2\/product_brand?post=67588"},{"taxonomy":"product_cat","embeddable":true,"href":"https:\/\/jardimdapini.pt\/de\/wp-json\/wp\/v2\/product_cat?post=67588"},{"taxonomy":"product_tag","embeddable":true,"href":"https:\/\/jardimdapini.pt\/de\/wp-json\/wp\/v2\/product_tag?post=67588"}],"curies":[{"name":"wp","href":"https:\/\/api.w.org\/{rel}","templated":true}]}}